{"id":1107,"date":"2021-05-05T10:03:08","date_gmt":"2021-05-05T13:03:08","guid":{"rendered":"https:\/\/leticiacoura.com.br\/?page_id=1107"},"modified":"2024-05-27T13:39:45","modified_gmt":"2024-05-27T16:39:45","slug":"pesquisa","status":"publish","type":"page","link":"https:\/\/leticiacoura.com.br\/en\/pesquisa\/","title":{"rendered":""},"content":{"rendered":"<div class=\"vce-row-container\" data-vce-boxed-width=\"true\"><div class=\"vce-row vce-row--col-gap-30 vce-row-equal-height vce-row-content--top\" id=\"el-b908f49f\" data-vce-do-apply=\"all el-b908f49f\"><div class=\"vce-row-content\" data-vce-element-content=\"true\"><div class=\"vce-col vce-col--md-auto vce-col--xs-1 vce-col--xs-last vce-col--xs-first vce-col--sm-last vce-col--sm-first vce-col--md-last vce-col--lg-last vce-col--xl-last vce-col--md-first vce-col--lg-first vce-col--xl-first\" id=\"el-788542e8\"><div class=\"vce-col-inner\" data-vce-do-apply=\"border margin background  el-788542e8\"><div class=\"vce-col-content\" data-vce-element-content=\"true\" data-vce-do-apply=\"padding el-788542e8\"><div class=\"vce-shortcode\"><div class=\"vce-shortcode-wrapper vce\" id=\"el-03afbcc0\" data-vce-do-apply=\"all el-03afbcc0\"><\/div><\/div><div class=\"vce-text-block\"><div class=\"vce-text-block-wrapper vce\" id=\"el-ca6ff99c\" data-vce-do-apply=\"all el-ca6ff99c\"><h1 style=\"text-align: center;\">O coro antrop\u00f3fago no Bixiga:<\/h1>\n<h4 style=\"font-style: normal; text-align: center;\">o processo de cria\u00e7\u00e3o dos atuadores com a m\u00fasica n\u2019Os Sert\u00f5es do Teatro Oficina \u2013 fragmentos virtuais<\/h4><\/div><\/div><div class=\"vce-text-block\"><div class=\"vce-text-block-wrapper vce\" id=\"el-1c82d260\" data-vce-do-apply=\"all el-1c82d260\"><\/div><\/div><\/div><\/div><\/div><\/div><\/div><\/div><div class=\"vce-row-container\" data-vce-boxed-width=\"true\"><div class=\"vce-row vce-row--col-gap-30 vce-row-equal-height vce-row-content--top\" id=\"el-f4baa1ab\" data-vce-do-apply=\"all el-f4baa1ab\"><div class=\"vce-row-content\" data-vce-element-content=\"true\"><div class=\"vce-col vce-col--md-auto vce-col--xs-1 vce-col--xs-last vce-col--xs-first vce-col--sm-last vce-col--sm-first vce-col--md-first vce-col--lg-first vce-col--xl-first\" id=\"el-1d00b50e\"><div class=\"vce-col-inner\" data-vce-do-apply=\"border margin background  el-1d00b50e\"><div class=\"vce-col-content\" data-vce-element-content=\"true\" data-vce-do-apply=\"padding el-1d00b50e\"><div class=\"vce-text-block\"><div class=\"vce-text-block-wrapper vce\" id=\"el-717227f4\" data-vce-do-apply=\"all el-717227f4\"><p class=\"MsoNormal\" style=\"text-align: justify; text-indent: 35.45pt; line-height: 24px;\">&nbsp;Esta p\u00e1gina PESQUISA foi criada para experimentar a possibilidade de atingir poss\u00edveis interessados no assunto que abordo no meu trabalho de mestrado, <em>O coro antrop\u00f3fago: o processo de cria\u00e7\u00e3o dos atuadores com a m\u00fasica n\u2019Os Sert\u00f5es do Teatro Oficina<\/em>, realizado de 2019 a 2021 na USP \u2013 Universidade de S\u00e3o Paulo \u2013, dentro do Programa de P\u00f3s-Gradua\u00e7\u00e3o em Artes C\u00eanicas. Para tentar ir al\u00e9m do mundo acad\u00eamico, conquistar outros leitores, descobrir novos apaixonados pela pr\u00e1tica de cantar em coro.<\/p>\n<p class=\"MsoNormal\" style=\"text-align: justify; text-indent: 35.45pt; line-height: 24px;\">Escolhi alguns trechos do texto, sempre relacionados a trechos dos espet\u00e1culos d\u2019Os Sert\u00f5es do Teatro Oficina, que tamb\u00e9m est\u00e3o dispon\u00edveis aqui. Para ver os v\u00eddeos aqui mesmo no site, s\u00f3 clicar nas imagens, e pra ver no YouTube s\u00f3 clicar nos t\u00edtulos dos v\u00eddeos que aparecem em azul, entre colchetes.<\/p><\/div><\/div><\/div><\/div><\/div><div class=\"vce-col vce-col--md-auto vce-col--xs-1 vce-col--xs-last vce-col--xs-first vce-col--sm-last vce-col--sm-first vce-col--md-last vce-col--lg-last vce-col--xl-last\" id=\"el-6cf5e21e\"><div class=\"vce-col-inner\" data-vce-do-apply=\"border margin background  el-6cf5e21e\"><div class=\"vce-col-content\" data-vce-element-content=\"true\" data-vce-do-apply=\"padding el-6cf5e21e\"><div class=\"vce-text-block\"><div class=\"vce-text-block-wrapper vce\" id=\"el-5cf3afb7\" data-vce-do-apply=\"all el-5cf3afb7\"><p class=\"MsoNormal\" style=\"font-family: Hind, sans-serif; font-size: 16px; font-weight: 400; font-style: normal; text-align: justify; text-indent: 35.45pt; line-height: 24px;\">E pra quem se interessar ainda mais, ou se apaixonar pelo assunto a partir desta amostra virtual, a disserta\u00e7\u00e3o est\u00e1 aqui dispon\u00edvel para download, e tamb\u00e9m parte dela que est\u00e1 no artigo \u201cA afina\u00e7\u00e3o do coro no Teatro Oficina\u201d, integrante da revista Sala Preta da USP, em seu \u00faltimo volume (v.20 vol.2 \u2013 2020), todo dedicado ao Teatro Oficina.<\/p>\n<p class=\"MsoNormal\" style=\"font-family: Hind, sans-serif; font-size: 16px; font-weight: 400; font-style: normal; text-align: justify; text-indent: 35.45pt; line-height: 24px;\">Algumas das can\u00e7\u00f5es que fazem parte da playlist sugerida est\u00e3o dispon\u00edveis para ouvir, s\u00f3 clicar nos t\u00edtulos em azul, precedidos pelo sinal # e entre colchetes. As grava\u00e7\u00f5es escolhidas fazem parte do \u00e1lbum Revista Bixiga Oficina do Samba, tamb\u00e9m abordado na disserta\u00e7\u00e3o. As demais can\u00e7\u00f5es citadas podem ser facilmente encontradas em grava\u00e7\u00f5es dispon\u00edveis na internet.<\/p><\/div><\/div><\/div><\/div><\/div><\/div><\/div><\/div><div class=\"vce-row-container\" data-vce-boxed-width=\"true\"><div class=\"vce-row vce-row--col-gap-30 vce-row-equal-height vce-row-content--top\" id=\"el-90303048\" data-vce-do-apply=\"all el-90303048\"><div class=\"vce-content-background-container\"><\/div><div class=\"vce-row-content\" data-vce-element-content=\"true\"><div class=\"vce-col vce-col--md-auto vce-col--xs-1 vce-col--xs-last vce-col--xs-first vce-col--sm-last vce-col--sm-first vce-col--md-first vce-col--lg-first vce-col--xl-first\" id=\"el-380dc73a\"><div class=\"vce-col-inner\" data-vce-do-apply=\"border margin background  el-380dc73a\"><div class=\"vce-col-content\" data-vce-element-content=\"true\" data-vce-do-apply=\"padding el-380dc73a\"><div class=\"vce-button--style-basic-container vce-button--style-basic-container--align-left\"><span class=\"vce-button--style-basic-wrapper vce\" id=\"el-8c8034d3\" data-vce-do-apply=\"margin el-8c8034d3\"><a class=\"vce-button--style-basic vce-button--style-basic--border-square vce-button--style-basic--size-small vce-button--style-basic--color-b-5-106-57--fff\" href=\"https:\/\/loja.giostrieditora.com.br\/O-CORO-ANTROPOFAGO-NO-BIXIGA\" title=\"Compre o livro O Coro Antrop\u00f3fogo do Bixiga\" target=\"_blank\" data-vce-do-apply=\"padding border background  el-8c8034d3\" rel=\"noopener\">COMPRE O LIVRO O CORO ANTROP\u00d3FOGO DO BIXIGA<\/a><\/span><\/div><\/div><\/div><\/div><div class=\"vce-col vce-col--md-auto vce-col--xs-1 vce-col--xs-last vce-col--xs-first vce-col--sm-last vce-col--sm-first\" id=\"el-10f18555\"><div class=\"vce-col-inner\" data-vce-do-apply=\"border margin background  el-10f18555\"><div class=\"vce-content-background-container\"><\/div><div class=\"vce-col-content\" data-vce-element-content=\"true\" data-vce-do-apply=\"padding el-10f18555\"><div class=\"vce-button--style-basic-container vce-button--style-basic-container--align-left\"><span class=\"vce-button--style-basic-wrapper vce\" id=\"el-e58ef001\" data-vce-do-apply=\"margin el-e58ef001\"><a class=\"vce-button--style-basic vce-button--style-basic--border-square vce-button--style-basic--size-small vce-button--style-basic--color-b-5-106-57--fff\" href=\"https:\/\/periodicos.unb.br\/index.php\/vozecena\/article\/view\/45396\" title=\"Baixe a revista A(s) M\u00fasica(s) no Teatro Oficina\" target=\"_blank\" data-vce-do-apply=\"padding border background  el-e58ef001\" rel=\"noopener\">BAIXE A REVISTA A(S) M\u00daSICA(S) NO TEATRO OFICINA <\/a><\/span><\/div><\/div><\/div><\/div><div class=\"vce-col vce-col--md-auto vce-col--xs-1 vce-col--xs-last vce-col--xs-first vce-col--sm-last vce-col--sm-first\" id=\"el-3318593c\"><div class=\"vce-col-inner\" data-vce-do-apply=\"border margin background  el-3318593c\"><div class=\"vce-col-content\" data-vce-element-content=\"true\" data-vce-do-apply=\"padding el-3318593c\"><div class=\"vce-button--style-outline-container vce-button--style-outline-container--align-center\"><span class=\"vce-button--style-outline-wrapper vce vce-button--style-outline-wrapper--stretched\" id=\"el-5a804df4\" data-vce-do-apply=\"margin el-5a804df4\"><a class=\"vce-button--style-outline vce-button--style-outline--border-square vce-button--style-outline--size-small vce-button--style-outline--color-b-255-255-255--b-227-18-18--3d3d3d vce-button--style-outline--border-color-e3e3e3--3d3d3d vce-button--style-outline--background-color-b-5-106-57\" href=\"https:\/\/www.revistas.usp.br\/salapreta\/issue\/view\/11989\/2028\" title=\"\" target=\"_blank\" data-vce-do-apply=\"padding border background  el-5a804df4\" rel=\"noopener\"><span class=\"vce-button--style-outline-text\">BAIXE  A REVISTA SALA PRETA - ESPECIAL TEATRO OFICINA<\/span><\/a><\/span><\/div><div class=\"vce-row-container\" data-vce-boxed-width=\"true\"><div class=\"vce-row vce-row--col-gap-30 vce-row-equal-height vce-row-content--top\" id=\"el-d47e29eb\" data-vce-do-apply=\"all el-d47e29eb\"><div class=\"vce-row-content\" data-vce-element-content=\"true\"><div class=\"vce-col vce-col--md-auto vce-col--xs-1 vce-col--xs-last vce-col--xs-first vce-col--sm-last vce-col--sm-first vce-col--md-first vce-col--lg-first vce-col--xl-first\" id=\"el-f038f764\"><div class=\"vce-col-inner\" data-vce-do-apply=\"border margin background  el-f038f764\"><div class=\"vce-col-content\" data-vce-element-content=\"true\" data-vce-do-apply=\"padding el-f038f764\"><\/div><\/div><\/div><div class=\"vce-col vce-col--md-auto vce-col--xs-1 vce-col--xs-last vce-col--xs-first vce-col--sm-last vce-col--sm-first vce-col--md-last vce-col--lg-last vce-col--xl-last\" id=\"el-e6a2056a\"><div class=\"vce-col-inner\" data-vce-do-apply=\"border margin background  el-e6a2056a\"><div class=\"vce-col-content\" data-vce-element-content=\"true\" data-vce-do-apply=\"padding el-e6a2056a\"><\/div><\/div><\/div><\/div><\/div><\/div><\/div><\/div><\/div><div class=\"vce-col vce-col--md-auto vce-col--xs-1 vce-col--xs-last vce-col--xs-first vce-col--sm-last vce-col--sm-first vce-col--md-last vce-col--lg-last vce-col--xl-last\" id=\"el-ee188e66\"><div class=\"vce-col-inner\" data-vce-do-apply=\"border margin background  el-ee188e66\"><div class=\"vce-col-content\" data-vce-element-content=\"true\" data-vce-do-apply=\"padding el-ee188e66\"><div class=\"vce-button--style-outline-container vce-button--style-outline-container--align-center\"><span class=\"vce-button--style-outline-wrapper vce vce-button--style-outline-wrapper--stretched\" id=\"el-44e0b5b1\" data-vce-do-apply=\"margin el-44e0b5b1\"><a class=\"vce-button--style-outline vce-button--style-outline--border-rounded vce-button--style-outline--size-small vce-button--style-outline--color-b-255-255-255--b-227-18-18--3d3d3d vce-button--style-outline--border-color-e3e3e3--3d3d3d vce-button--style-outline--background-color-b-5-106-57\" href=\"https:\/\/leticiacoura.com.br\/wp-content\/uploads\/2021\/05\/Dissertac\u0327a\u0303o-Leti\u0301cia-Barbosa-Coura.pdf\" title=\"Dissert\u00e7\u00e3o - Let\u00edcia Barbosa Coura\" target=\"_blank\" data-vce-do-apply=\"padding border background  el-44e0b5b1\" rel=\"noopener\"><span class=\"vce-button--style-outline-text\">BAIXE O PDF DA DISSERTA\u00c7\u00c3O<\/span><\/a><\/span><\/div><\/div><\/div><\/div><\/div><\/div><\/div><div class=\"vce-row-container\" data-vce-boxed-width=\"true\"><div class=\"vce-row vce-row--col-gap-30 vce-row-equal-height vce-row-content--top\" id=\"el-bc764978\" data-vce-do-apply=\"all el-bc764978\"><div class=\"vce-row-content\" data-vce-element-content=\"true\"><div class=\"vce-col vce-col--md-auto vce-col--xs-1 vce-col--xs-last vce-col--xs-first vce-col--sm-last vce-col--sm-first vce-col--md-last vce-col--lg-last vce-col--xl-last vce-col--md-first vce-col--lg-first vce-col--xl-first\" id=\"el-a5c23355\"><div class=\"vce-col-inner\" data-vce-do-apply=\"border margin background  el-a5c23355\"><div class=\"vce-col-content\" data-vce-element-content=\"true\" data-vce-do-apply=\"padding el-a5c23355\"><div class=\"vce-yt-video-player vce-yt-video-player--align-left vce-yt-video-player--size-1280x720\"><div class=\"vce vce-yt-video-player-wrapper\" id=\"el-01040a83\" data-vce-do-apply=\"all el-01040a83\" style=\"width: 1280px;\"><div class=\"vce-yt-video-player-inner\"><iframe loading=\"lazy\" class=\"vce-yt-video-player-iframe\" src=\"https:\/\/www.youtube.com\/embed\/odmcxDag82c?autoplay=0&amp;mute=0&amp;color=red&amp;controls=1&amp;loop=0&amp;rel=0&amp;start=0&amp;cc_load_policy=0&amp;iv_load_policy=3\" width=\"640\" height=\"390\" allowfullscreen=\"\"><\/iframe><\/div><\/div><\/div><div class=\"vce-row-container\" data-vce-boxed-width=\"true\"><div class=\"vce-row vce-row--col-gap-30 vce-row-equal-height vce-row-content--top\" id=\"el-16f81b85\" data-vce-do-apply=\"all el-16f81b85\"><div class=\"vce-row-content\" data-vce-element-content=\"true\"><div class=\"vce-col vce-col--md-auto vce-col--xs-1 vce-col--xs-last vce-col--xs-first vce-col--sm-last vce-col--sm-first vce-col--md-first vce-col--lg-first vce-col--xl-first\" id=\"el-bb48fafb\"><div class=\"vce-col-inner\" data-vce-do-apply=\"border margin background  el-bb48fafb\"><div class=\"vce-col-content\" data-vce-element-content=\"true\" data-vce-do-apply=\"padding el-bb48fafb\"><div class=\"vce-text-block\"><div class=\"vce-text-block-wrapper vce\" id=\"el-78e246b6\" data-vce-do-apply=\"all el-78e246b6\"><p class=\"MsoNormal\" style=\"text-align: justify; text-indent: 35.45pt; line-height: 24px;\">&nbsp;Organizei o Sum\u00e1rio deste trabalho a partir da l\u00f3gica utilizada por Euclides da Cunha no livro Os Sert\u00f5es. Al\u00e9m da forma est\u00e9tica da divis\u00e3o dos cap\u00edtulos e assuntos abordados, a maneira escolhida por Euclides guia o pensamento, o (des)encadeamento das a\u00e7\u00f5es. Inspirada pela fala de Lina Bo Bardi (reproduzida por escrito abaixo), arquiteta criadora e artista parceira do Teatro Oficina, senti nessa forma uma maior liberdade para o florescimento das ideias, e maior proximidade com o trabalho desenvolvido pelo Teatro Oficina a partir da obra do autor que, atravessado pelo que presenciou em Canudos, viveu em seu corpo a transforma\u00e7\u00e3o dos pr\u00f3prios conceitos que o constitu\u00edam.<\/p>\n<p class=\"MsoNormal\" style=\"text-align: justify; text-indent: 35.45pt; line-height: 24px;\">Dividi a abordagem dos temas em tr\u00eas partes, inspirada nas tr\u00eas partes d\u2019Os Sert\u00f5es: A Terra, O Homem e A Luta, uma trindade que \u00e9 uma coisa s\u00f3. Para ser lida de tr\u00e1s pra frente, de frente pra tr\u00e1s, do meio pras bordas, um peda\u00e7o aqui, depois outro mais adiante, outro mais atr\u00e1s. Abrir o livro \u2013 tomara que! - aleatoriamente e ler o que a p\u00e1gina mostrar. Passear pelos t\u00edtulos, p\u00e1ginas, escolher a que mais te seduzir. Pelo nome, pelo tamanho, pequeno ou grande, segundo a disposi\u00e7\u00e3o do momento, com gravuras, sons, sem nada, s\u00f3 algumas letras e p\u00e1gina em branco. O tempo n\u00e3o \u00e9 linear, ali\u00e1s, o tempo nem existe, a f\u00edsica contempor\u00e2nea vem descobrindo o que no fundo j\u00e1 sabemos. Inventamos tamb\u00e9m o tempo na m\u00fasica, mas a\u00ed j\u00e1 \u00e9 outra hist\u00f3ria.<\/p>\n<p class=\"MsoNormal\" style=\"text-align: justify; text-indent: 35.45pt; line-height: 24px;\">Voltando aos cap\u00edtulos do trabalho, s\u00e3o tr\u00eas, mas n\u00e3o est\u00e3o numerados, justamente para tentar sair de uma ideia de come\u00e7o e fim (de tempo linear). E aqui nesta amostragem virtual, podemos seguir o mesmo princ\u00edpio. Passeie pelos textos e v\u00eddeos na ordem que desejar.<\/p>\n<p class=\"MsoNormal\" style=\"text-align: justify; text-indent: 35.45pt; line-height: 24px;\">\"O tempo linear \u00e9 uma inven\u00e7\u00e3o do Ocidente. O tempo n\u00e3o \u00e9 linear; \u00e9 um maravilhoso emaranhado, onde a qualquer instante, podem ser escolhidos pontos e inventadas solu\u00e7\u00f5es; sem come\u00e7o nem fim\" (BARDI, apud Ferraz, 1993, p. 327), diz a personagem Lina Bo Bardi na \u00faltima cena do espet\u00e1culo A Terra, (acess\u00e1vel no v\u00eddeo acima, s\u00f3 clicar). N\u00e3o \u00e9 necess\u00e1rio nem desejado que se comece lendo o que vem primeiro, nem o contr\u00e1rio. Est\u00e3o todos ali, ao mesmo tempo (!), e \u00e0 <span style=\"font-family: Hind, sans-serif; font-size: 16px; font-style: normal; font-weight: 400; text-indent: 47.2667px;\">medida que vamos tendo contato com um e outro, podemos ler as&nbsp;<\/span><span style=\"font-family: Arial, sans-serif; font-size: 16px; font-style: normal; font-weight: 400;\">&nbsp;<\/span><span style=\"font-family: Arial, sans-serif; font-size: 16px; font-style: normal; font-weight: 400;\">partes com um n\u00edvel X de profundidade,<\/span><\/p><\/div><\/div><\/div><\/div><\/div><div class=\"vce-col vce-col--md-auto vce-col--xs-1 vce-col--xs-last vce-col--xs-first vce-col--sm-last vce-col--sm-first vce-col--md-last vce-col--lg-last vce-col--xl-last\" id=\"el-8b6b55d1\"><div class=\"vce-col-inner\" data-vce-do-apply=\"border margin background  el-8b6b55d1\"><div class=\"vce-col-content\" data-vce-element-content=\"true\" data-vce-do-apply=\"padding el-8b6b55d1\"><div class=\"vce-text-block\"><div class=\"vce-text-block-wrapper vce\" id=\"el-27c073d3\" data-vce-do-apply=\"all el-27c073d3\"><p class=\"MsoNormal\" style=\"text-indent: 35.45pt; line-height: 24px; text-align: left;\"><span style=\"font-family: Hind, sans-serif; font-size: 16px; font-style: normal; font-weight: 400; text-indent: 47.2667px;\">mudar em uma nova visita, sob outro ponto de vista e escuta.<\/span> Um convite para usar a liberdade \u2013 que sim, temos! \u2013 tamb\u00e9m na hora de escolher o que ler por vez.<\/p>\n<p class=\"MsoNormal\" style=\"text-align: justify; text-indent: 35.45pt; line-height: 24px;\">Assim como no processo de cria\u00e7\u00e3o e apresenta\u00e7\u00e3o dos espet\u00e1culos d\u2019Os Sert\u00f5es, quando t\u00ednhamos sempre em mente o fim da trag\u00e9dia, mas come\u00e7\u00e1vamos os ensaios a cada dia com a \u201calegria dos que n\u00e3o sabem e descobrem\u201d (ANDRADE, 2011, p. 60). Assim como A Luta n\u00e3o \u00e9 compreendida em sua totalidade sem A Terra, O Homem est\u00e1 inserido no contexto e muda as duas, e vice-versa e vice-versa novamente. Assim na guerra de Canudos e assim na luta gozosa di\u00e1ria da cria\u00e7\u00e3o em ensaios de muitas horas no teatro para compreens\u00e3o do texto, cria\u00e7\u00e3o de can\u00e7\u00f5es, de ensaios em coro, de transposi\u00e7\u00e3o de palavras em m\u00fasica, de descoberta de harmonias, lembran\u00e7as e inven\u00e7\u00f5es de dan\u00e7as, movimentos, a\u00e7\u00f5es.<\/p>\n<p class=\"MsoNormal\" style=\"text-align: justify; text-indent: 35.45pt; line-height: 24px;\">Como nos ritos e nas culturas inici\u00e1ticas, em que somos apresentados a grandes e profundos conte\u00fados repetidas vezes, e a cada vez alcan\u00e7amos um determinado n\u00edvel de compreens\u00e3o. Com o aux\u00edlio luxuoso da experi\u00eancia pr\u00e1tica, vivida no corpo. Prefer\u00eancia pelos movimentos circulares, espirais, el\u00edpticos, pensamento amer\u00edndio, em contraponto \u00e0 l\u00f3gica da linha reta. Como cantar uma mesma can\u00e7\u00e3o muitas vezes, em contextos diferentes, com disposi\u00e7\u00f5es de \u00e2nimo distintas, com novos objetivos. A cada vez uma nova compreens\u00e3o.<\/p>\n<p class=\"MsoNormal\" style=\"text-align: justify; text-indent: 35.45pt; line-height: 24px;\">Resumindo, escolhi escrever como penso, j\u00e1 que optei por pensar o processo de cria\u00e7\u00e3o. E meu pensamento n\u00e3o \u00e9 linear. Assim como a cria\u00e7\u00e3o.<\/p>\n<p class=\"MsoNormal\" style=\"text-align: justify; text-indent: 35.45pt; line-height: 24px;\">Os pr\u00f3prios espet\u00e1culos, apesar de seguirem uma ordem linear de apresenta\u00e7\u00e3o \u2013 na mesma sequ\u00eancia do livro \u2013, n\u00e3o apresentam uma leitura linear do tempo. Parte d\u2019A Luta j\u00e1 est\u00e1 no primeiro espet\u00e1culo, A Terra; na \u00faltima parte, A Luta II, volta-se \u00e0 Terra para entender novamente o lugar onde a guerra acontece e a liga\u00e7\u00e3o do povo a esse lugar; e tenta-se entender O Homem j\u00e1 com o decorrer d\u2019A Luta, e por a\u00ed seguimos. Melhor do que tentar encaixar \u2013 aten\u00e7\u00e3o ao verbo \u2013 o pensamento numa l\u00f3gica linear \u00e9 deix\u00e1-lo correr livre no tempo e no espa\u00e7o, como ele \u00e9 em sua natureza.<\/p><\/div><\/div><div class=\"vce vce-separator-container vce-separator--align-center vce-separator--style-solid\" id=\"el-310a33c0\" data-vce-do-apply=\"margin el-310a33c0\"><div class=\"vce-separator vce-separator--color-b-5-106-57 vce-separator--width-100 vce-separator--thickness-3\" data-vce-do-apply=\"border padding background  el-310a33c0\"><\/div><\/div><\/div><\/div><\/div><\/div><\/div><\/div><div class=\"vce-text-block\"><div class=\"vce-text-block-wrapper vce\" id=\"el-83862055\" data-vce-do-apply=\"all el-83862055\"><h4>Meu cavalo t\u00e1 pesado<\/h4><\/div><\/div><\/div><\/div><\/div><\/div><\/div><\/div><div class=\"vce-row-container\" data-vce-boxed-width=\"true\"><div class=\"vce-row vce-row--col-gap-30 vce-row-equal-height vce-row-content--top\" id=\"el-c5f1d699\" data-vce-do-apply=\"all el-c5f1d699\"><div class=\"vce-row-content\" data-vce-element-content=\"true\"><div class=\"vce-col vce-col--md-auto vce-col--xs-1 vce-col--xs-last vce-col--xs-first vce-col--sm-last vce-col--sm-first vce-col--md-first vce-col--lg-first vce-col--xl-first\" id=\"el-0a076d2f\"><div class=\"vce-col-inner\" data-vce-do-apply=\"border margin background  el-0a076d2f\"><div class=\"vce-col-content\" data-vce-element-content=\"true\" data-vce-do-apply=\"padding el-0a076d2f\"><div class=\"vce-yt-video-player vce-yt-video-player--align-left vce-yt-video-player--size-640x360\"><div class=\"vce vce-yt-video-player-wrapper\" id=\"el-8ecf80c2\" data-vce-do-apply=\"all el-8ecf80c2\" style=\"width: 640px;\"><div class=\"vce-yt-video-player-inner\"><iframe loading=\"lazy\" class=\"vce-yt-video-player-iframe\" src=\"https:\/\/www.youtube.com\/embed\/9b4qo7JcQA8?autoplay=0&amp;mute=0&amp;color=red&amp;controls=1&amp;loop=0&amp;rel=0&amp;start=0&amp;cc_load_policy=0&amp;iv_load_policy=3\" width=\"640\" height=\"390\" allowfullscreen=\"\"><\/iframe><\/div><\/div><\/div><\/div><\/div><\/div><div class=\"vce-col vce-col--md-auto vce-col--xs-1 vce-col--xs-last vce-col--xs-first vce-col--sm-last vce-col--sm-first vce-col--md-last vce-col--lg-last vce-col--xl-last\" id=\"el-7a04b5c0\"><div class=\"vce-col-inner\" data-vce-do-apply=\"border margin background  el-7a04b5c0\"><div class=\"vce-col-content\" data-vce-element-content=\"true\" data-vce-do-apply=\"padding el-7a04b5c0\"><div class=\"vce-text-block\"><div class=\"vce-text-block-wrapper vce\" id=\"el-32e44e61\" data-vce-do-apply=\"all el-32e44e61\"><p class=\"MsoNormal\" style=\"text-align: justify; text-justify: inter-ideograph;\"><span style=\"font-family: 'Arial',sans-serif;\">Essa can\u00e7\u00e3o abre os trabalhos d\u2019<em>Os Sert\u00f5es <\/em>do Teatro Oficina j\u00e1 trazendo muitos dos elementos com que vamos contracenar nesse mergulho no Coro Antrop\u00f3fago no Bixiga. \u00c9 uma can\u00e7\u00e3o composta pelo Z\u00e9 para o que vir\u00e1 a ser um dia o espet\u00e1culo <em>O homem e o cavalo<\/em> (cantada em leituras dram\u00e1ticas da pe\u00e7a pelo Oficina na d\u00e9cada de 80), a partir do texto de Oswald de Andrade. Passou a ser a m\u00fasica chave do aquecimento para o primeiro espet\u00e1culo d\u2019<em>Os Sert\u00f5es, A Terra<\/em>, cantada por todo o coro \u2013 depois de passar por v\u00e1rias outras no aquecimento interno dentro do teatro \u2013 para liga\u00e7\u00e3o do elenco, e para receber o p\u00fablico.<\/span><\/p><\/div><\/div><div class=\"vce vce-separator-container vce-separator--align-center vce-separator--style-solid\" id=\"el-f5e66f47\" data-vce-do-apply=\"margin el-f5e66f47\"><div class=\"vce-separator vce-separator--color-b-5-106-57 vce-separator--width-100 vce-separator--thickness-3\" data-vce-do-apply=\"border padding background  el-f5e66f47\"><\/div><\/div><\/div><\/div><\/div><\/div><\/div><\/div><div class=\"vce-row-container\" data-vce-boxed-width=\"true\"><div class=\"vce-row vce-row--col-gap-30 vce-row-equal-height vce-row-content--top\" id=\"el-caf5da8a\" data-vce-do-apply=\"all el-caf5da8a\"><div class=\"vce-row-content\" data-vce-element-content=\"true\"><div class=\"vce-col vce-col--md-55-66p vce-col--xs-1 vce-col--xs-last vce-col--xs-first vce-col--sm-last vce-col--sm-first vce-col--md-first vce-col--lg-first vce-col--xl-first\" id=\"el-ff20336e\"><div class=\"vce-col-inner\" data-vce-do-apply=\"border margin background  el-ff20336e\"><div class=\"vce-col-content\" data-vce-element-content=\"true\" data-vce-do-apply=\"padding el-ff20336e\"><div class=\"vce-yt-video-player vce-yt-video-player--align-left vce-yt-video-player--size-560x315\"><div class=\"vce vce-yt-video-player-wrapper\" id=\"el-d617b3c4\" data-vce-do-apply=\"all el-d617b3c4\" style=\"width: 560px;\"><div class=\"vce-yt-video-player-inner\"><iframe loading=\"lazy\" class=\"vce-yt-video-player-iframe\" src=\"https:\/\/www.youtube.com\/embed\/eN9i8hKkoKg?autoplay=0&amp;mute=0&amp;color=red&amp;controls=1&amp;loop=0&amp;rel=0&amp;start=0&amp;cc_load_policy=0&amp;iv_load_policy=3\" width=\"640\" height=\"390\" allowfullscreen=\"\"><\/iframe><\/div><\/div><\/div><\/div><\/div><\/div><div class=\"vce-col vce-col--md-44-33p vce-col--xs-1 vce-col--xs-last vce-col--xs-first vce-col--sm-last vce-col--sm-first vce-col--md-last vce-col--lg-last vce-col--xl-last\" id=\"el-92514076\"><div class=\"vce-col-inner\" data-vce-do-apply=\"border margin background  el-92514076\"><div class=\"vce-col-content\" data-vce-element-content=\"true\" data-vce-do-apply=\"padding el-92514076\"><div class=\"vce-text-block\"><div class=\"vce-text-block-wrapper vce\" id=\"el-00ce5236\" data-vce-do-apply=\"all el-00ce5236\"><h2>Aquecimento de voz com p\u00fablico<\/h2><\/div><\/div><\/div><\/div><\/div><\/div><\/div><\/div><div class=\"vce-row-container\" data-vce-boxed-width=\"true\"><div class=\"vce-row vce-row--col-gap-30 vce-row-equal-height vce-row-content--top\" id=\"el-19c73863\" data-vce-do-apply=\"all el-19c73863\"><div class=\"vce-row-content\" data-vce-element-content=\"true\"><div class=\"vce-col vce-col--md-auto vce-col--xs-1 vce-col--xs-last vce-col--xs-first vce-col--sm-last vce-col--sm-first vce-col--md-last vce-col--lg-last vce-col--xl-last vce-col--md-first vce-col--lg-first vce-col--xl-first\" id=\"el-756408b1\"><div class=\"vce-col-inner\" data-vce-do-apply=\"border margin background  el-756408b1\"><div class=\"vce-col-content\" data-vce-element-content=\"true\" data-vce-do-apply=\"padding el-756408b1\"><div class=\"vce-text-block\"><div class=\"vce-text-block-wrapper vce\" id=\"el-6ce32547\" data-vce-do-apply=\"all el-6ce32547\"><p class=\"MsoNormal\" style=\"font-family: Hind, sans-serif; font-size: 16px; font-weight: 400; font-style: normal; text-align: justify; text-indent: 35.45pt; line-height: 24px;\"><span style=\"font-family: Arial, sans-serif; font-size: 16px;\">No in\u00edcio dos ensaios, n\u00e3o cont\u00e1vamos ainda com a banda. Durante alguns meses eu era a mais \u201cm\u00fasica\u201d dos atuadores, ent\u00e3o fui desenvolvendo alguns aquecimentos musicais para n\u00f3s, misturando pequenos exerc\u00edcios r\u00edtmicos com improvisa\u00e7\u00f5es mel\u00f3dicas. Usava nessa \u00e9poca um diapas\u00e3o para os primeiros ensaios abertos, s\u00f3 para localizar o tom para puxar algumas can\u00e7\u00f5es que cant\u00e1vamos \u00e0 capela, ou ent\u00e3o, quando a can\u00e7\u00e3o permitia, acompanhava o coro com o cavaquinho. Nesta \u00e9poca usava o cavaquinho ac\u00fastico, sem amplifica\u00e7\u00e3o, o que me permitia um deslocamento f\u00e1cil pela pista do teatro, pelo tamanho do instrumento, f\u00e1cil de carregar em cena.<\/span><\/p>\n<p class=\"MsoNormal\" style=\"font-family: Hind, sans-serif; font-size: 16px; font-weight: 400; font-style: normal; text-align: justify; text-indent: 35.45pt; line-height: 24px;\"><span style=\"font-family: Arial, sans-serif; font-size: 16px;\">Assim a m\u00fasica foi se fortalecendo como linguagem, presente em todos os ensaios, servindo \u00e0 concentra\u00e7\u00e3o dos atores, e proporcionando uma maior familiaridade dos atores com os pr\u00f3prios recursos musicais.<\/span><\/p>\n<p class=\"MsoNormal\" style=\"font-family: Hind, sans-serif; font-size: 16px; font-weight: 400; font-style: normal; text-align: justify; text-indent: 35.45pt; line-height: 24px;\"><span style=\"font-family: Arial, sans-serif; font-size: 16px;\">O nosso aquecimento para os ensaios acabou virando um aquecimento vocal incluindo o p\u00fablico, como faz\u00edamos no in\u00edcio do espet\u00e1culo&nbsp;<em style=\"font-size: 16px;\">A Terra<\/em>. O ator Marcelo Drummond, que fazia Euclides da Cunha, puxava uma concentra\u00e7\u00e3o, que come\u00e7ava com elenco e p\u00fablico entrando em sil\u00eancio no teatro e em seguida outros exerc\u00edcios, e na sequ\u00eancia eu puxava o aquecimento vocal com o p\u00fablico<\/span><span style=\"font-family: Arial, sans-serif; font-size: 16px;\">. Isso depois de j\u00e1 termos feito, apenas o elenco antes de abrir para o p\u00fablico, o nosso aquecimento mais completo, o que fazia com que come\u00e7\u00e1ssemos o espet\u00e1culo j\u00e1 num estado avan\u00e7ado de concentra\u00e7\u00e3o e intimidade com a m\u00fasica.<\/span><\/p>\n<p class=\"MsoNormal\" style=\"text-align: justify; text-indent: 35.45pt; line-height: 24px;\"><span style=\"font-family: Arial, sans-serif;\">Nos processos seguintes da Companhia essa forma\u00e7\u00e3o do coro com banda passou a estar presente desde o in\u00edcio dos ensaios. Como uma f\u00f3rmula m\u00e1gica descoberta e experimentada. Uma certa organiza\u00e7\u00e3o de sons, o aux\u00edlio luxuoso de alguns instrumentos musicais e seus mestres garantindo alguma ordem e inspira\u00e7\u00e3o a partir dos sons prestes a se corporificarem em m\u00fasica.&nbsp;<\/span><\/p><\/div><\/div><div class=\"vce vce-separator-container vce-separator--align-center vce-separator--style-solid\" id=\"el-90fa4a5e\" data-vce-do-apply=\"margin el-90fa4a5e\"><div class=\"vce-separator vce-separator--color-b-5-106-57 vce-separator--width-100 vce-separator--thickness-3\" data-vce-do-apply=\"border padding background  el-90fa4a5e\"><\/div><\/div><\/div><\/div><\/div><\/div><\/div><\/div><div class=\"vce-row-container\" data-vce-boxed-width=\"true\"><div class=\"vce-row vce-row--col-gap-30 vce-row-equal-height vce-row-content--top\" id=\"el-a03089fa\" data-vce-do-apply=\"all el-a03089fa\"><div class=\"vce-row-content\" data-vce-element-content=\"true\"><div class=\"vce-col vce-col--md-51-05p vce-col--xs-1 vce-col--xs-last vce-col--xs-first vce-col--sm-last vce-col--sm-first vce-col--md-first vce-col--lg-first vce-col--xl-first\" id=\"el-a48fb0fd\"><div class=\"vce-col-inner\" data-vce-do-apply=\"border margin background  el-a48fb0fd\"><div class=\"vce-col-content\" data-vce-element-content=\"true\" data-vce-do-apply=\"padding el-a48fb0fd\"><div class=\"vce-text-block\"><div class=\"vce-text-block-wrapper vce\" id=\"el-861fe09d\" data-vce-do-apply=\"all el-861fe09d\"><h2 class=\"MsoNormal\"><strong><span style=\"font-family: 'Arial',sans-serif; mso-bidi-font-family: 'Times New Roman'; mso-bidi-theme-font: minor-bidi;\">Os Sert\u00f5es \u2013 acorde perfeito maior<\/span><\/strong><\/h2>\n<h6><span style=\"font-family: Arial, sans-serif;\">Atuadores e p\u00fablico abrem os trabalhos<\/span><\/h6><\/div><\/div><\/div><\/div><\/div><div class=\"vce-col vce-col--md-48-94p vce-col--xs-1 vce-col--xs-last vce-col--xs-first vce-col--sm-last vce-col--sm-first vce-col--md-last vce-col--lg-last vce-col--xl-last\" id=\"el-edf0d19f\"><div class=\"vce-col-inner\" data-vce-do-apply=\"border margin background  el-edf0d19f\"><div class=\"vce-col-content\" data-vce-element-content=\"true\" data-vce-do-apply=\"padding el-edf0d19f\"><div class=\"vce-yt-video-player vce-yt-video-player--align-left vce-yt-video-player--size-560x315\"><div class=\"vce vce-yt-video-player-wrapper\" id=\"el-4e5bc2c6\" data-vce-do-apply=\"all el-4e5bc2c6\" style=\"width: 560px;\"><div class=\"vce-yt-video-player-inner\"><iframe loading=\"lazy\" class=\"vce-yt-video-player-iframe\" src=\"https:\/\/www.youtube.com\/embed\/jdDNt7AGOr4?autoplay=0&amp;mute=0&amp;color=red&amp;controls=1&amp;loop=0&amp;rel=0&amp;start=0&amp;cc_load_policy=0&amp;iv_load_policy=3\" width=\"640\" height=\"390\" allowfullscreen=\"\"><\/iframe><\/div><\/div><\/div><\/div><\/div><\/div><\/div><\/div><\/div><div class=\"vce-row-container\" data-vce-boxed-width=\"true\"><div class=\"vce-row vce-row--col-gap-30 vce-row-equal-height vce-row-content--top\" id=\"el-8718971b\" data-vce-do-apply=\"all el-8718971b\"><div class=\"vce-row-content\" data-vce-element-content=\"true\"><div class=\"vce-col vce-col--md-auto vce-col--xs-1 vce-col--xs-last vce-col--xs-first vce-col--sm-last vce-col--sm-first vce-col--md-last vce-col--lg-last vce-col--xl-last vce-col--md-first vce-col--lg-first vce-col--xl-first\" id=\"el-f198fe4f\"><div class=\"vce-col-inner\" data-vce-do-apply=\"border margin background  el-f198fe4f\"><div class=\"vce-col-content\" data-vce-element-content=\"true\" data-vce-do-apply=\"padding el-f198fe4f\"><div class=\"vce vce-separator-container vce-separator--align-center vce-separator--style-solid\" id=\"el-989f5ec0\" data-vce-do-apply=\"margin el-989f5ec0\"><div class=\"vce-separator vce-separator--color-b-5-106-57 vce-separator--width-100 vce-separator--thickness-3\" data-vce-do-apply=\"border padding background  el-989f5ec0\"><\/div><\/div><\/div><\/div><\/div><\/div><\/div><\/div><div class=\"vce-row-container\" data-vce-boxed-width=\"true\"><div class=\"vce-row vce-row--col-gap-30 vce-row-equal-height vce-row-content--top\" id=\"el-e8a915c2\" data-vce-do-apply=\"all el-e8a915c2\"><div class=\"vce-row-content\" data-vce-element-content=\"true\"><div class=\"vce-col vce-col--md-auto vce-col--xs-1 vce-col--xs-last vce-col--xs-first vce-col--sm-last vce-col--sm-first vce-col--md-last vce-col--lg-last vce-col--xl-last vce-col--md-first vce-col--lg-first vce-col--xl-first\" id=\"el-f1031f04\"><div class=\"vce-col-inner\" data-vce-do-apply=\"border margin background  el-f1031f04\"><div class=\"vce-col-content\" data-vce-element-content=\"true\" data-vce-do-apply=\"padding el-f1031f04\"><div class=\"vce-text-block\"><div class=\"vce-text-block-wrapper vce\" id=\"el-e18983dc\" data-vce-do-apply=\"all el-e18983dc\"><h1 style=\"text-align: center;\">Trio calafrio<\/h1><\/div><\/div><\/div><\/div><\/div><\/div><\/div><\/div><div class=\"vce-row-container\" data-vce-boxed-width=\"true\"><div class=\"vce-row vce-row--col-gap-30 vce-row-equal-height vce-row-content--top\" id=\"el-5721df92\" data-vce-do-apply=\"all el-5721df92\"><div class=\"vce-row-content\" data-vce-element-content=\"true\"><div class=\"vce-col vce-col--md-auto vce-col--xs-1 vce-col--xs-last vce-col--xs-first vce-col--sm-last vce-col--sm-first vce-col--md-first vce-col--lg-first vce-col--xl-first\" id=\"el-ced6e2fc\"><div class=\"vce-col-inner\" data-vce-do-apply=\"border margin background  el-ced6e2fc\"><div class=\"vce-col-content\" data-vce-element-content=\"true\" data-vce-do-apply=\"padding el-ced6e2fc\"><div class=\"vce-text-block\"><div class=\"vce-text-block-wrapper vce\" id=\"el-07363b8a\" data-vce-do-apply=\"all el-07363b8a\"><p class=\"MsoNormal\" style=\"text-align: justify; text-justify: inter-ideograph; text-indent: 35.45pt; line-height: 150%;\"><span style=\"font-family: Arial, sans-serif;\">A maioria das cita\u00e7\u00f5es deste trabalho parte de refer\u00eancias bibliogr\u00e1ficas de tr\u00eas autores muito presentes no Teatro Oficina: Oswald de Andrade \u2013 poesia diretora, Antropofagia e Teatro de Est\u00e1dio \u2013, Friedrich Nietzsche \u2013 o ditirambo e o coro dionis\u00edaco \u2013, e Antonin Artaud \u2013 o teatro e a peste, o corpo sem \u00f3rg\u00e3os.&nbsp;<\/span><\/p>\n<p class=\"MsoNormal\" style=\"text-align: justify; text-justify: inter-ideograph; text-indent: 35.45pt; line-height: 150%;\"><span style=\"font-family: Arial, sans-serif;\">S\u00e3o autores que permeiam todo o trabalho de cria\u00e7\u00e3o da Companhia. N\u00e3o como conceituadores te\u00f3ricos, virados temas de debates de ideias \u2013 \u201cIdeias tomam conta, reagem! Queimam gente na pra\u00e7a p\u00fablica. Vamos suprimir as ideias? E outras paralisias? Roteiros roteiros roteiros roteiros roteiros roteiros roteiros...\u201d cantamos no espet\u00e1culo Macumba Antrop\u00f3faga, a partir do Manifesto Antrop\u00f3fago de Oswald de Andrade (2011b, p. 73). Mas como inspiradores de cenas vividas na pista do teatro, para e com o p\u00fablico. Palavras encarnadas.<\/span><\/p>\n<p class=\"MsoNormal\" style=\"text-align: justify; text-justify: inter-ideograph; text-indent: 35.45pt; line-height: 150%;\"><span style=\"font-family: Arial, sans-serif;\">Ao longo do texto esses autores voltar\u00e3o a aparecer, mas aqui escolhi uma cita\u00e7\u00e3o de cada um que faz refer\u00eancia espec\u00edfica ao coro, e que est\u00e1 de alguma forma viva e presente em trechos dos espet\u00e1culos.&nbsp;<\/span><\/p><\/div><\/div><\/div><\/div><\/div><div class=\"vce-col vce-col--md-auto vce-col--xs-1 vce-col--xs-last vce-col--xs-first vce-col--sm-last vce-col--sm-first vce-col--md-last vce-col--lg-last vce-col--xl-last\" id=\"el-adc7de16\"><div class=\"vce-col-inner\" data-vce-do-apply=\"border margin background  el-adc7de16\"><div class=\"vce-col-content\" data-vce-element-content=\"true\" data-vce-do-apply=\"padding el-adc7de16\"><div class=\"vce-text-block\"><div class=\"vce-text-block-wrapper vce\" id=\"el-8268c6a5\" data-vce-do-apply=\"all el-8268c6a5\"><p class=\"MsoNormal\" style=\"text-align: justify; text-indent: 35.45pt; line-height: 24px;\"><span style=\"color: #000000; font-family: Arial, sans-serif;\"><span style=\"letter-spacing: 0.333333px;\">Como um aperitivo para o que vem a seguir, um pouco de como vivemos cada um, como cada um desses autores est\u00e1 em cena, no corpo dos atores, no coro. E atrav\u00e9s da m\u00fasica.&nbsp;<\/span><\/span><\/p>\n<p class=\"MsoNormal\" style=\"text-align: justify; text-indent: 35.45pt; line-height: 24px;\"><span style=\"color: #000000; font-family: Arial, sans-serif;\"><span style=\"letter-spacing: 0.333333px;\">Parto de tr\u00eas exemplos pr\u00e1ticos, de cenas d\u2019Os Sert\u00f5es, acess\u00e1veis diretamente pelos links que os acompanham. Onde esses conceitos s\u00e3o falados, cantados, corporificados, e virados cena. Da cena para uma tentativa de maior compreens\u00e3o cognitiva, ent\u00e3o de volta pra cena, e fomos aprofundando os caminhos, num movimento circular, espiral, palavra que se faz corpo, que canta a palavra, que vira m\u00fasica e movimento. Dan\u00e7a. Fizemos esse caminho da cena para o estudo da cena, e \u00e9 esse caminho que estou propondo aqui, ao indicar o link de acesso ao trecho citado dos espet\u00e1culos. Primeiro ver e ouvir a cena, pensar depois. E tirar suas pr\u00f3prias conclus\u00f5es.<\/span><\/span><\/p>\n<p class=\"MsoNormal\" style=\"text-align: justify; text-indent: 35.45pt; line-height: 24px;\"><span style=\"color: #000000; font-family: Arial, sans-serif;\"><span style=\"letter-spacing: 0.333333px;\">Escolho aqui cenas d\u2019Os Sert\u00f5es porque \u00e9 o objetivo do trabalho, mas se atentarmos para outros espet\u00e1culos da Companhia (ao menos dos anos 1990 pra c\u00e1), esses conceitos tamb\u00e9m estar\u00e3o sempre presentes.<\/span><\/span><\/p><\/div><\/div><\/div><\/div><\/div><\/div><\/div><\/div><div class=\"vce-row-container\" data-vce-boxed-width=\"true\"><div class=\"vce-row vce-row--col-gap-30 vce-row-equal-height vce-row-content--top\" id=\"el-31982f79\" data-vce-do-apply=\"all el-31982f79\"><div class=\"vce-row-content\" data-vce-element-content=\"true\"><div class=\"vce-col vce-col--md-auto vce-col--xs-1 vce-col--xs-last vce-col--xs-first vce-col--sm-last vce-col--sm-first vce-col--md-last vce-col--lg-last vce-col--xl-last vce-col--md-first vce-col--lg-first vce-col--xl-first\" id=\"el-2f8ad04a\"><div class=\"vce-col-inner\" data-vce-do-apply=\"border margin background  el-2f8ad04a\"><div class=\"vce-col-content\" data-vce-element-content=\"true\" data-vce-do-apply=\"padding el-2f8ad04a\"><div class=\"vce vce-separator-container vce-separator--align-center vce-separator--style-solid\" id=\"el-e478d019\" data-vce-do-apply=\"margin el-e478d019\"><div class=\"vce-separator vce-separator--color-b-5-106-57 vce-separator--width-100 vce-separator--thickness-3\" data-vce-do-apply=\"border padding background  el-e478d019\"><\/div><\/div><\/div><\/div><\/div><\/div><\/div><\/div><div class=\"vce-row-container\" data-vce-boxed-width=\"true\"><div class=\"vce-row vce-row--col-gap-30 vce-row-equal-height vce-row-content--top\" id=\"el-b2b8b2d3\" data-vce-do-apply=\"all el-b2b8b2d3\"><div class=\"vce-row-content\" data-vce-element-content=\"true\"><div class=\"vce-col vce-col--md-auto vce-col--xs-1 vce-col--xs-last vce-col--xs-first vce-col--sm-last vce-col--sm-first vce-col--md-first vce-col--lg-first vce-col--xl-first\" id=\"el-4bb97501\"><div class=\"vce-col-inner\" data-vce-do-apply=\"border margin background  el-4bb97501\"><div class=\"vce-col-content\" data-vce-element-content=\"true\" data-vce-do-apply=\"padding el-4bb97501\"><div class=\"vce-text-block\"><div class=\"vce-text-block-wrapper vce\" id=\"el-92131d07\" data-vce-do-apply=\"all el-92131d07\"><h2 style=\"text-align: left;\">Sucedem-se manh\u00e3s sem par<\/h2><\/div><\/div><\/div><\/div><\/div><div class=\"vce-col vce-col--md-auto vce-col--xs-1 vce-col--xs-last vce-col--xs-first vce-col--sm-last vce-col--sm-first vce-col--md-last vce-col--lg-last vce-col--xl-last\" id=\"el-f6fd0850\"><div class=\"vce-col-inner\" data-vce-do-apply=\"border margin background  el-f6fd0850\"><div class=\"vce-col-content\" data-vce-element-content=\"true\" data-vce-do-apply=\"padding el-f6fd0850\"><div class=\"vce-yt-video-player vce-yt-video-player--align-left vce-yt-video-player--size-560x315\"><div class=\"vce vce-yt-video-player-wrapper\" id=\"el-b01393a4\" data-vce-do-apply=\"all el-b01393a4\" style=\"width: 560px;\"><div class=\"vce-yt-video-player-inner\"><iframe loading=\"lazy\" class=\"vce-yt-video-player-iframe\" src=\"https:\/\/www.youtube.com\/embed\/SlGP5O_kOCM?autoplay=0&amp;mute=0&amp;color=red&amp;controls=1&amp;loop=0&amp;rel=0&amp;start=0&amp;cc_load_policy=0&amp;iv_load_policy=3\" width=\"640\" height=\"390\" allowfullscreen=\"\"><\/iframe><\/div><\/div><\/div><\/div><\/div><\/div><\/div><\/div><\/div><div class=\"vce-row-container\" data-vce-boxed-width=\"true\"><div class=\"vce-row vce-row--col-gap-30 vce-row-equal-height vce-row-content--top\" id=\"el-debee368\" data-vce-do-apply=\"all el-debee368\"><div class=\"vce-row-content\" data-vce-element-content=\"true\"><div class=\"vce-col vce-col--md-auto vce-col--xs-1 vce-col--xs-last vce-col--xs-first vce-col--sm-last vce-col--sm-first vce-col--md-first vce-col--lg-first vce-col--xl-first\" id=\"el-7d0e643c\"><div class=\"vce-col-inner\" data-vce-do-apply=\"border margin background  el-7d0e643c\"><div class=\"vce-col-content\" data-vce-element-content=\"true\" data-vce-do-apply=\"padding el-7d0e643c\"><div class=\"vce-yt-video-player vce-yt-video-player--align-left vce-yt-video-player--size-560x315\"><div class=\"vce vce-yt-video-player-wrapper\" id=\"el-41ca3ec0\" data-vce-do-apply=\"all el-41ca3ec0\" style=\"width: 560px;\"><div class=\"vce-yt-video-player-inner\"><iframe loading=\"lazy\" class=\"vce-yt-video-player-iframe\" src=\"https:\/\/www.youtube.com\/embed\/9RkP3iX0CS8?autoplay=0&amp;mute=0&amp;color=red&amp;controls=1&amp;loop=0&amp;rel=0&amp;start=0&amp;cc_load_policy=0&amp;iv_load_policy=3\" width=\"640\" height=\"390\" allowfullscreen=\"\"><\/iframe><\/div><\/div><\/div><\/div><\/div><\/div><div class=\"vce-col vce-col--md-auto vce-col--xs-1 vce-col--xs-last vce-col--xs-first vce-col--sm-last vce-col--sm-first vce-col--md-last vce-col--lg-last vce-col--xl-last\" id=\"el-95528817\"><div class=\"vce-col-inner\" data-vce-do-apply=\"border margin background  el-95528817\"><div class=\"vce-col-content\" data-vce-element-content=\"true\" data-vce-do-apply=\"padding el-95528817\"><div class=\"vce-text-block\"><div class=\"vce-text-block-wrapper vce\" id=\"el-8bf2a099\" data-vce-do-apply=\"all el-8bf2a099\"><h2>Festa Homem I<\/h2>\n<p>&nbsp;<\/p><\/div><\/div><\/div><\/div><\/div><\/div><\/div><\/div><div class=\"vce-row-container\" data-vce-boxed-width=\"true\"><div class=\"vce-row vce-row--col-gap-30 vce-row-equal-height vce-row-content--top\" id=\"el-926ae300\" data-vce-do-apply=\"all el-926ae300\"><div class=\"vce-row-content\" data-vce-element-content=\"true\"><div class=\"vce-col vce-col--md-auto vce-col--xs-1 vce-col--xs-last vce-col--xs-first vce-col--sm-last vce-col--sm-first vce-col--md-first vce-col--lg-first vce-col--xl-first\" id=\"el-fc7db40d\"><div class=\"vce-col-inner\" data-vce-do-apply=\"border margin background  el-fc7db40d\"><div class=\"vce-col-content\" data-vce-element-content=\"true\" data-vce-do-apply=\"padding el-fc7db40d\"><div class=\"vce-text-block\"><div class=\"vce-text-block-wrapper vce\" id=\"el-768a2868\" data-vce-do-apply=\"all el-768a2868\"><h3 class=\"MsoNormal\" style=\"text-indent: 35.45pt; line-height: 150%; text-align: right;\">&nbsp;<\/h3><\/div><\/div><div class=\"vce-text-block\"><div class=\"vce-text-block-wrapper vce\" id=\"el-6a4dd3db\" data-vce-do-apply=\"all el-6a4dd3db\"><h2>Bala bala<\/h2><\/div><\/div><\/div><\/div><\/div><div class=\"vce-col vce-col--md-auto vce-col--xs-1 vce-col--xs-last vce-col--xs-first vce-col--sm-last vce-col--sm-first vce-col--md-last vce-col--lg-last vce-col--xl-last\" id=\"el-ed6be6c0\"><div class=\"vce-col-inner\" data-vce-do-apply=\"border margin background  el-ed6be6c0\"><div class=\"vce-col-content\" data-vce-element-content=\"true\" data-vce-do-apply=\"padding el-ed6be6c0\"><div class=\"vce-yt-video-player vce-yt-video-player--align-left vce-yt-video-player--size-560x315\"><div class=\"vce vce-yt-video-player-wrapper\" id=\"el-af4617c2\" data-vce-do-apply=\"all el-af4617c2\" style=\"width: 560px;\"><div class=\"vce-yt-video-player-inner\"><iframe loading=\"lazy\" class=\"vce-yt-video-player-iframe\" src=\"https:\/\/www.youtube.com\/embed\/W-_HERhzXFQ?autoplay=0&amp;mute=0&amp;color=red&amp;controls=1&amp;loop=0&amp;rel=0&amp;start=0&amp;cc_load_policy=0&amp;iv_load_policy=3\" width=\"640\" height=\"390\" allowfullscreen=\"\"><\/iframe><\/div><\/div><\/div><div class=\"vce vce-separator-container vce-separator--align-center vce-separator--style-solid\" id=\"el-5f3dbd79\" data-vce-do-apply=\"margin el-5f3dbd79\"><div class=\"vce-separator vce-separator--color-b-5-106-57 vce-separator--width-100 vce-separator--thickness-3\" data-vce-do-apply=\"border padding background  el-5f3dbd79\"><\/div><\/div><\/div><\/div><\/div><\/div><\/div><\/div><div class=\"vce-row-container\" data-vce-boxed-width=\"true\"><div class=\"vce-row vce-row--col-gap-30 vce-row-equal-height vce-row-content--top\" id=\"el-f7240b53\" data-vce-do-apply=\"all el-f7240b53\"><div class=\"vce-row-content\" data-vce-element-content=\"true\"><div class=\"vce-col vce-col--md-auto vce-col--xs-1 vce-col--xs-last vce-col--xs-first vce-col--sm-last vce-col--sm-first vce-col--md-first vce-col--lg-first vce-col--xl-first\" id=\"el-faccd50a\"><div class=\"vce-col-inner\" data-vce-do-apply=\"border margin background  el-faccd50a\"><div class=\"vce-col-content\" data-vce-element-content=\"true\" data-vce-do-apply=\"padding el-faccd50a\"><div class=\"vce-text-block\"><div class=\"vce-text-block-wrapper vce\" id=\"el-66e24209\" data-vce-do-apply=\"all el-66e24209\"><h2>Oswald de Andrade e o Teatro de Est\u00e1dio<\/h2><p class=\"MsoNormal\" style=\"text-align: justify; text-justify: inter-ideograph; text-indent: 35.45pt; line-height: 150%;\"><span style=\"font-family: 'Arial',sans-serif;\">O espet\u00e1culo todo d\u2019<em>A Terra <\/em>\u00e9 a corporifica\u00e7\u00e3o \u2013 em voz tamb\u00e9m, que voz \u00e9 corpo \u2013 da defini\u00e7\u00e3o de Oswald de Andrade para Teatro de Est\u00e1dio: \u201cg<span style=\"color: black; letter-spacing: 0.25pt; background-image: initial; background-position: initial; background-size: initial; background-repeat: initial; background-attachment: initial; background-origin: initial; background-clip: initial;\">randioso demais, demais coletivo, pr\u00f3ximo das origens ver\u00eddicas do teatro \u2013 festa popular e grande catarse\u2026<\/span><\/span><span style=\"font-family: Oswald, serif; color: black; letter-spacing: 0.25pt; background-image: initial; background-position: initial; background-size: initial; background-repeat: initial; background-attachment: initial; background-origin: initial; background-clip: initial;\">\u201d <\/span><span style=\"font-family: Arial, sans-serif; color: black; letter-spacing: 0.25pt; background-image: initial; background-position: initial; background-size: initial; background-repeat: initial; background-attachment: initial; background-origin: initial; background-clip: initial;\">(1971, p. 89).<\/span><\/p><p class=\"MsoNormal\" style=\"text-align: justify; text-justify: inter-ideograph; text-indent: 35.45pt; line-height: 150%;\"><em><span style=\"font-family: Arial, sans-serif; color: black; letter-spacing: 0.25pt; background-image: initial; background-position: initial; background-size: initial; background-repeat: initial; background-attachment: initial; background-origin: initial; background-clip: initial;\">A Terra<\/span><\/em><span style=\"font-family: Arial, sans-serif; color: black; letter-spacing: 0.25pt; background-image: initial; background-position: initial; background-size: initial; background-repeat: initial; background-attachment: initial; background-origin: initial; background-clip: initial;\"> \u00e9 um espet\u00e1culo coral em que os atores se transmudam em plantas, bichos, forma\u00e7\u00f5es rochosas, e onde o ser humano, para al\u00e9m de em sua rela\u00e7\u00e3o com a natureza, aparece COMO natureza. S\u00e3o coros de brom\u00e9lias, mandacarus, palmat\u00f3rias do inferno, l\u00edquens, caititus esquivos, queixadas de canela ruiva, bois, vacas, rios, mares, rochas gnaissegran\u00edticas, xistos metam\u00f3rficos que tomam vida, relacionam-se entre si, festa popular misto de brincadeira de crian\u00e7a que envolve os espectadores, que quando se d\u00e3o conta j\u00e1 viraram tudo isso junto com o coro, atrav\u00e9s da m\u00fasica e da dan\u00e7a. <\/span><\/p><p class=\"MsoNormal\" style=\"text-align: justify; text-justify: inter-ideograph; text-indent: 35.45pt; line-height: 150%;\"><span style=\"font-family: Arial, sans-serif; color: black; letter-spacing: 0.25pt; background-image: initial; background-position: initial; background-size: initial; background-repeat: initial; background-attachment: initial; background-origin: initial; background-clip: initial;\">Escolhi essa cena d\u2019<em>A Terra<\/em>, final da cena d\u2019<em>A Muta\u00e7\u00e3o de Apoteose<\/em>, onde Euclides descreve a primavera no sert\u00e3o<\/span> <span style=\"font-family: Arial, sans-serif; color: black; letter-spacing: 0.25pt; background-image: initial; background-position: initial; background-size: initial; background-repeat: initial; background-attachment: initial; background-origin: initial; background-clip: initial;\">(cuja cria\u00e7\u00e3o da m\u00fasica est\u00e1 descrita em outra parte deste trabalho) que se corporificou em cena, com cada ator personificando a planta e animal que mais se adequassem \u00e0 sua <em>physique du r\u00f4le. <\/em><\/span><\/p><div><div id=\"ftn1\">&nbsp;<\/div><\/div><\/div><\/div><\/div><\/div><\/div><div class=\"vce-col vce-col--md-auto vce-col--xs-1 vce-col--xs-last vce-col--xs-first vce-col--sm-last vce-col--sm-first vce-col--md-last vce-col--lg-last vce-col--xl-last\" id=\"el-ee9a7e17\"><div class=\"vce-col-inner\" data-vce-do-apply=\"border margin background  el-ee9a7e17\"><div class=\"vce-col-content\" data-vce-element-content=\"true\" data-vce-do-apply=\"padding el-ee9a7e17\"><div class=\"vce-text-block\"><div class=\"vce-text-block-wrapper vce\" id=\"el-3ec78077\" data-vce-do-apply=\"all el-3ec78077\"><p class=\"MsoNormal\" style=\"font-family: Hind, sans-serif; font-size: 16px; font-weight: 400; font-style: normal; text-align: justify; text-indent: 35.45pt; line-height: 24px;\"><span style=\"font-family: Arial, sans-serif; font-size: 16px; color: black; letter-spacing: 0.25pt; background-image: initial; background-position: initial; background-size: initial; background-repeat: initial; background-attachment: initial; background-origin: initial; background-clip: initial;\">Depois de passar pela primeira chuva no sert\u00e3o, que ap\u00f3s um longo per\u00edodo de seca explode em cores e flores, v\u00eam<\/span>&nbsp;<span style=\"font-family: Arial, sans-serif; font-size: 16px; color: black; letter-spacing: 0.25pt; background-image: initial; background-position: initial; background-size: initial; background-repeat: initial; background-attachment: initial; background-origin: initial; background-clip: initial;\">os animais. Nesta cena<\/span>&nbsp;<a style=\"font-size: 16px;\" href=\"https:\/\/youtu.be\/SlGP5O_kOCM\" target=\"_blank\" rel=\"noopener\"><span style=\"font-family: Arial, sans-serif; font-size: 16px; letter-spacing: 0.25pt; background-image: initial; background-position: initial; background-size: initial; background-repeat: initial; background-attachment: initial; background-origin: initial; background-clip: initial;\">[Sucedem-se manh\u00e3s sem par]<\/span><\/a>&nbsp;<span style=\"font-family: Arial, sans-serif; font-size: 16px; color: black; letter-spacing: 0.25pt; background-image: initial; background-position: initial; background-size: initial; background-repeat: initial; background-attachment: initial; background-origin: initial; background-clip: initial;\">do final da descri\u00e7\u00e3o da primavera, da abund\u00e2ncia no sert\u00e3o, o p\u00fablico, que de espectador j\u00e1 se transmudou em p\u00fablico atuador, vive a grande catarse da festa popular, cantando junto ao coro, sendo plantas, bichos. Aqui est\u00e3o em cena as palavras de Oswald de Andrade e o seu teatro que \u00e9 bom <span class=\"MsoFootnoteReference\" style=\"font-size: 16px;\"><span class=\"MsoFootnoteReference\" style=\"font-size: 16px;\"><span style=\"font-family: Arial, sans-serif; font-size: 12pt; color: black; letter-spacing: 0.25pt; background-image: initial; background-position: initial; background-size: initial; background-repeat: initial; background-attachment: initial; background-origin: initial; background-clip: initial;\">[\u00b9]<\/span><\/span><\/span>&nbsp;nos corpos e vozes dos atuadores e do p\u00fablico, quer dizer, do elenco e do p\u00fablico atuador. E ainda corporificando a alegria, que \u00e9 a prova dos nove.<\/span><\/p><p class=\"MsoNormal\" style=\"font-family: Hind, sans-serif; font-size: 16px; font-weight: 400; font-style: normal; text-align: justify; text-indent: 35.45pt; line-height: 24px;\"><span style=\"font-family: Arial, sans-serif; font-size: 16px; color: black; letter-spacing: 0.25pt; background-image: initial; background-position: initial; background-size: initial; background-repeat: initial; background-attachment: initial; background-origin: initial; background-clip: initial;\">Outras duas cenas que trazem para os corpos dos atores \u2013 e do p\u00fablico \u2013 um pouco da defini\u00e7\u00e3o do autor do que \u00e9 o Teatro de Est\u00e1dio, grandioso demais, coletivo demais, s\u00e3o a festa d\u2019<em style=\"font-size: 16px;\">O Homem I<\/em><\/span>&nbsp;<a style=\"font-size: 16px;\" href=\"https:\/\/youtu.be\/9RkP3iX0CS8\" target=\"_blank\" rel=\"noopener\"><span style=\"font-family: Arial, sans-serif; font-size: 16px; letter-spacing: 0.25pt; background-image: initial; background-position: initial; background-size: initial; background-repeat: initial; background-attachment: initial; background-origin: initial; background-clip: initial;\">[Festa d\u2019O Homem I]<\/span><\/a><span style=\"font-family: Arial, sans-serif; font-size: 16px; color: #444444; letter-spacing: 0.25pt; background-image: initial; background-position: initial; background-size: initial; background-repeat: initial; background-attachment: initial; background-origin: initial; background-clip: initial;\">,&nbsp;<\/span><span style=\"font-family: Arial, sans-serif; font-size: 16px; color: black; letter-spacing: 0.25pt; background-image: initial; background-position: initial; background-size: initial; background-repeat: initial; background-attachment: initial; background-origin: initial; background-clip: initial;\">e a primeira cena de embate entre sertanejos e soldados&nbsp;<\/span><a style=\"font-size: 16px;\" href=\"https:\/\/youtu.be\/W-_HERhzXFQ\" target=\"_blank\" rel=\"noopener\"><span style=\"font-family: Arial, sans-serif; font-size: 16px; letter-spacing: 0.25pt; background-image: initial; background-position: initial; background-size: initial; background-repeat: initial; background-attachment: initial; background-origin: initial; background-clip: initial;\">[Bala bala<\/span><\/a><span style=\"font-family: Arial, sans-serif; font-size: 16px; color: black; letter-spacing: 0.25pt; background-image: initial; background-position: initial; background-size: initial; background-repeat: initial; background-attachment: initial; background-origin: initial; background-clip: initial;\">], onde o p\u00fablico se confunde com o elenco e atua junto, numa grande catarse que mais uma vez vai fazer com que o espectador tenha uma experi\u00eancia de dentro. S\u00e3o cenas antag\u00f4nicas, j\u00e1 que uma recria uma festa popular aberta \u00e0 participa\u00e7\u00e3o de todos (talvez de mais f\u00e1cil empatia do p\u00fablico, que culturalmente traz a refer\u00eancia das festas juninas, presentes em grande parte do pa\u00eds), e a outra \u00e9 uma cena de luta, j\u00e1 dentro de um desenrolar na dramaturgia, com coros de personagens bem definidos, em lados opostos (esta segunda cena ser\u00e1 analisada mais adiante sob outro aspecto).&nbsp;<\/span><\/p><div style=\"font-family: Hind, sans-serif; font-size: 16px; font-weight: 400; font-style: normal;\"><hr align=\"left\" size=\"1\" width=\"33%\"><div id=\"ftn1\" style=\"font-size: 16px;\"><p class=\"MsoFootnoteText\" style=\"font-size: 16px; text-align: justify;\"><span class=\"MsoFootnoteReference\" style=\"font-size: 16px;\"><span style=\"font-family: 'Times New Roman', serif; font-size: 12pt;\">[\u00b9]<\/span><\/span>&nbsp;<span style=\"font-size: 10pt;\">Refer\u00eancia ao t\u00edtulo do artigo \u201cDo Teatro, que \u00e9 Bom\u201d, em que Oswald de Andrade discorre sobre o tema do Teatro de Est\u00e1dio, presente no livro&nbsp;<em style=\"font-size: 13.3333px;\">Ponta de Lan\u00e7a<\/em>, que traz uma sele\u00e7\u00e3o feita por ele de v\u00e1rios artigos e confer\u00eancias escritos em 1943 e 1944.<\/span><\/p><\/div><\/div><\/div><\/div><\/div><\/div><\/div><\/div><\/div><\/div><div class=\"vce-row-container\" data-vce-boxed-width=\"true\"><div class=\"vce-row vce-row--col-gap-30 vce-row-equal-height vce-row-content--top\" id=\"el-9d9ee31d\" data-vce-do-apply=\"all el-9d9ee31d\"><div class=\"vce-row-content\" data-vce-element-content=\"true\"><div class=\"vce-col vce-col--md-auto vce-col--xs-1 vce-col--xs-last vce-col--xs-first vce-col--sm-last vce-col--sm-first vce-col--md-last vce-col--lg-last vce-col--xl-last vce-col--md-first vce-col--lg-first vce-col--xl-first\" id=\"el-a8047b0c\"><div class=\"vce-col-inner\" data-vce-do-apply=\"border margin background  el-a8047b0c\"><div class=\"vce-col-content\" data-vce-element-content=\"true\" data-vce-do-apply=\"padding el-a8047b0c\"><div class=\"vce vce-separator-container vce-separator--align-center vce-separator--style-solid\" id=\"el-c9efa847\" data-vce-do-apply=\"margin el-c9efa847\"><div class=\"vce-separator vce-separator--color-b-5-106-57 vce-separator--width-100 vce-separator--thickness-3\" data-vce-do-apply=\"border padding background  el-c9efa847\"><\/div><\/div><\/div><\/div><\/div><\/div><\/div><\/div><div class=\"vce-row-container\" data-vce-boxed-width=\"true\"><div class=\"vce-row vce-row--col-gap-30 vce-row-equal-height vce-row-content--top\" id=\"el-2ee31879\" data-vce-do-apply=\"all el-2ee31879\"><div class=\"vce-row-content\" data-vce-element-content=\"true\"><div class=\"vce-col vce-col--md-auto vce-col--xs-1 vce-col--xs-last vce-col--xs-first vce-col--sm-last vce-col--sm-first vce-col--md-first vce-col--lg-first vce-col--xl-first\" id=\"el-809bbc61\"><div class=\"vce-col-inner\" data-vce-do-apply=\"border margin background  el-809bbc61\"><div class=\"vce-col-content\" data-vce-element-content=\"true\" data-vce-do-apply=\"padding el-809bbc61\"><div class=\"vce-yt-video-player vce-yt-video-player--align-left vce-yt-video-player--size-560x315\"><div class=\"vce vce-yt-video-player-wrapper\" id=\"el-d3e5a597\" data-vce-do-apply=\"all el-d3e5a597\" style=\"width: 560px;\"><div class=\"vce-yt-video-player-inner\"><iframe loading=\"lazy\" class=\"vce-yt-video-player-iframe\" src=\"https:\/\/www.youtube.com\/embed\/10Iio0td8Ks?autoplay=0&amp;mute=0&amp;color=red&amp;controls=1&amp;loop=0&amp;rel=0&amp;start=0&amp;cc_load_policy=0&amp;iv_load_policy=3\" width=\"640\" height=\"390\" allowfullscreen=\"\"><\/iframe><\/div><\/div><\/div><\/div><\/div><\/div><div class=\"vce-col vce-col--md-auto vce-col--xs-1 vce-col--xs-last vce-col--xs-first vce-col--sm-last vce-col--sm-first vce-col--md-last vce-col--lg-last vce-col--xl-last\" id=\"el-c00e5e40\"><div class=\"vce-col-inner\" data-vce-do-apply=\"border margin background  el-c00e5e40\"><div class=\"vce-col-content\" data-vce-element-content=\"true\" data-vce-do-apply=\"padding el-c00e5e40\"><div class=\"vce-text-block\"><div class=\"vce-text-block-wrapper vce\" id=\"el-e72ec095\" data-vce-do-apply=\"all el-e72ec095\"><h4>Vulc\u00e3o<\/h4>\n<h4>Ant\u00f4nio<\/h4>\n<h4>Conselheiro<\/h4><\/div><\/div><\/div><\/div><\/div><\/div><\/div><\/div><div class=\"vce-row-container\" data-vce-boxed-width=\"true\"><div class=\"vce-row vce-row--col-gap-30 vce-row-equal-height vce-row-content--top\" id=\"el-9e174829\" data-vce-do-apply=\"all el-9e174829\"><div class=\"vce-row-content\" data-vce-element-content=\"true\"><div class=\"vce-col vce-col--md-auto vce-col--xs-1 vce-col--xs-last vce-col--xs-first vce-col--sm-last vce-col--sm-first vce-col--md-first vce-col--lg-first vce-col--xl-first\" id=\"el-b0d36b44\"><div class=\"vce-col-inner\" data-vce-do-apply=\"border margin background  el-b0d36b44\"><div class=\"vce-col-content\" data-vce-element-content=\"true\" data-vce-do-apply=\"padding el-b0d36b44\"><div class=\"vce-text-block\"><div class=\"vce-text-block-wrapper vce\" id=\"el-20ed8b7d\" data-vce-do-apply=\"all el-20ed8b7d\"><h2>Friedrich Nietzsche e o coro ditir\u00e2mbico<\/h2>\n<p class=\"MsoNormal\" style=\"margin-left: 4.0cm; text-align: justify; text-justify: inter-ideograph; text-indent: 35.45pt; mso-pagination: none; mso-layout-grid-align: none; text-autospace: none;\"><span style=\"font-size: 10.0pt; font-family: 'Arial',sans-serif; mso-bidi-font-family: Times; mso-bidi-font-style: italic;\">O coro ditir\u00e2mbico recebe a incumb\u00eancia de excitar o \u00e2nimo dos ouvintes at\u00e9 o grau dionis\u00edaco, para que eles, quando o her\u00f3i tr\u00e1gico aparecer no palco, n\u00e3o vejam algum informe homem mascarado, por\u00e9m uma figura como que nascida da vis\u00e3o extasiada deles pr\u00f3prios (NIETZSCHE, 2007, p. 59).<\/span><\/p>\n<p>&nbsp;<\/p>\n<p class=\"MsoNormal\" style=\"text-align: justify; text-justify: inter-ideograph; text-indent: 35.45pt; line-height: 150%;\"><span style=\"font-family: 'Arial',sans-serif;\">As duas primeiras apari\u00e7\u00f5es do personagem Ant\u00f4nio Conselheiro&nbsp;<\/span><span style=\"font-family: Arial, sans-serif;\">(nos espet\u00e1culos que comp\u00f5em Os Sert\u00f5es),<\/span><span style=\"font-family: Arial, sans-serif; font-size: 16px; text-indent: 35.45pt;\">&nbsp;vivido pelo diretor e ator Z\u00e9 Celso, s\u00e3o \u00f3timos exemplos da apari\u00e7\u00e3o tr\u00e1gica do her\u00f3i, preparada pelo coro ditir\u00e2mbico que acabou de excitar at\u00e9 o grau dionis\u00edaco o \u00e2nimo dos espectadores, que veem nele ent\u00e3o uma figura como que nascida da vis\u00e3o extasiada deles pr\u00f3prios, usando a defini\u00e7\u00e3o de Nietzsche.<\/span><\/p>\n<p class=\"MsoNormal\" style=\"text-align: justify; text-justify: inter-ideograph; text-indent: 35.45pt; line-height: 150%;\"><span style=\"font-family: 'Arial',sans-serif;\">Nesta cena, parte do espet\u00e1culo <em>O Homem I<\/em>, o coro est\u00e1 dividido em tr\u00eas: o coro do capital, representado pelo personagem Silvio Santos e sua fam\u00edlia \u2013 presente em praticamente todos os espet\u00e1culos da Companhia de que participei \u2013, o coro de jagun\u00e7os e o coro de policiais milicianos. Eles em sua guerra constante anunciam&nbsp;<\/span><\/p><\/div><\/div><div class=\"vce vce-separator-container vce-separator--align-center vce-separator--style-solid\" id=\"el-bc4786a3\" data-vce-do-apply=\"margin el-bc4786a3\"><div class=\"vce-separator vce-separator--color-b-5-106-57 vce-separator--width-100 vce-separator--thickness-3\" data-vce-do-apply=\"border padding background  el-bc4786a3\"><\/div><\/div><\/div><\/div><\/div><div class=\"vce-col vce-col--md-auto vce-col--xs-1 vce-col--xs-last vce-col--xs-first vce-col--sm-last vce-col--sm-first vce-col--md-last vce-col--lg-last vce-col--xl-last\" id=\"el-854d8fdc\"><div class=\"vce-col-inner\" data-vce-do-apply=\"border margin background  el-854d8fdc\"><div class=\"vce-col-content\" data-vce-element-content=\"true\" data-vce-do-apply=\"padding el-854d8fdc\"><div class=\"vce-text-block\"><div class=\"vce-text-block-wrapper vce\" id=\"el-9deaaa12\" data-vce-do-apply=\"all el-9deaaa12\"><p class=\"MsoNormal\" style=\"font-family: Hind, sans-serif; font-size: 16px; font-weight: 400; font-style: normal; text-align: justify; text-indent: 35.45pt; line-height: 24px;\"><span style=\"font-family: Arial, sans-serif; font-size: 16px; font-style: normal; font-weight: 400; text-indent: 47.2667px;\">Ant\u00f4nio Conselheiro, que se apresenta ent\u00e3o como fruto das disputas do sert\u00e3o daquele momento, n\u00e3o muito diferente das disputas contempor\u00e2neas por terra e capital.<\/span><\/p>\n<p class=\"MsoNormal\" style=\"font-family: Hind, sans-serif; font-size: 16px; font-weight: 400; font-style: normal; text-align: justify; text-indent: 35.45pt; line-height: 24px;\"><span style=\"font-family: Arial, sans-serif; font-size: 16px;\">\u00c9 uma cena longa, em que parte do p\u00fablico est\u00e1 na pista por conta das cenas anteriores, j\u00e1 dan\u00e7ou e cantou na festa do in\u00edcio do ato, j\u00e1 se misturou aos atuadores, j\u00e1 \u00e9 parte do coro, muitas vezes j\u00e1 conhece as can\u00e7\u00f5es e canta junto. A m\u00fasica vai levando atuadores e p\u00fablico para um crescendo, um grau m\u00e1ximo da disputa entre os grupos antag\u00f4nicos em cena. E da rela\u00e7\u00e3o destes grupos, da tens\u00e3o entre eles, surge Ant\u00f4nio Conselheiro. O texto que vem na sequ\u00eancia da cena vai justamente falar disso, da g\u00eanese do personagem, das circunst\u00e2ncias que o criaram. E \u00e9 o coro que prepara a cena, excita o \u00e2nimo dos espectadores, que recebem o personagem j\u00e1 nesse estado alterado pela m\u00fasica, pela dan\u00e7a, pela vibra\u00e7\u00e3o das vozes cantantes.<\/span>&nbsp;<\/p>\n<p class=\"MsoNormal\" style=\"text-align: justify; text-indent: 35.45pt; line-height: 24px;\"><span style=\"font-family: Arial, sans-serif;\">Este \u00e9 um exemplo literal <\/span><span style=\"font-family: Arial, sans-serif; font-size: 16px; font-style: normal; font-weight: 400;\">da ideia de excitar o \u00e2nimo do p\u00fablico para receber um personagem, e isso acontece ao longo de todos os espet\u00e1culos d\u2019<em style=\"font-size: 16px;\">Os Sert\u00f5es,&nbsp;<\/em>desde&nbsp;<em style=\"font-size: 16px;\">A Terra<\/em>&nbsp;at\u00e9 \u00e0s&nbsp;<em style=\"font-size: 16px;\">Lutas<\/em>, proporcionando, para al\u00e9m da vis\u00e3o extasiada deles pr\u00f3prios, como descreve Nietzsche, uma identifica\u00e7\u00e3o inclusive com&nbsp; personagens mais antag\u00f4nicos \u00e0 nossa pr\u00f3pria personalidade \u2013 ou o que projetamos nela \u2013, possibilitando identifica\u00e7\u00e3o sem julgamento com os diferentes \u201cdesvios\u201d de comportamento, desde o jagun\u00e7o violento at\u00e9 o coronel sanguin\u00e1rio. Os espectadores estar\u00e3o ent\u00e3o mais desarmados de seus pap\u00e9is cotidianos, prontos para viver mais intensamente cada personagem, e sa\u00edrem transformados da experi\u00eancia, vivida num estado de consci\u00eancia alterado pela m\u00fasica, pelos movimentos, pela dan\u00e7a, pelos sentidos agu\u00e7ados.<\/span><\/p><\/div><\/div><\/div><\/div><\/div><\/div><\/div><\/div><div class=\"vce-row-container\" data-vce-boxed-width=\"true\"><div class=\"vce-row vce-row--col-gap-30 vce-row-equal-height vce-row-content--top\" id=\"el-c94bbe34\" data-vce-do-apply=\"all el-c94bbe34\"><div class=\"vce-row-content\" data-vce-element-content=\"true\"><div class=\"vce-col vce-col--md-auto vce-col--xs-1 vce-col--xs-last vce-col--xs-first vce-col--sm-last vce-col--sm-first vce-col--md-first vce-col--lg-first vce-col--xl-first\" id=\"el-7d0050d1\"><div class=\"vce-col-inner\" data-vce-do-apply=\"border margin background  el-7d0050d1\"><div class=\"vce-col-content\" data-vce-element-content=\"true\" data-vce-do-apply=\"padding el-7d0050d1\"><div class=\"vce-text-block\"><div class=\"vce-text-block-wrapper vce\" id=\"el-c84033a3\" data-vce-do-apply=\"all el-c84033a3\"><h2>Antonin Artaud e o empestear do cor(p)o sem \u00f3rg\u00e3os<\/h2><p class=\"MsoNormal\" style=\"text-align: justify; text-justify: inter-ideograph; text-indent: 35.45pt; line-height: 150%;\"><span style=\"font-family: Arial, sans-serif; color: black; letter-spacing: 0.25pt; background-image: initial; background-position: initial; background-size: initial; background-repeat: initial; background-attachment: initial; background-origin: initial; background-clip: initial;\">Dois momentos em que o conceito de corpo sem \u00f3rg\u00e3os \u00e9 cantado em cena pelo coro. E a palavra se faz no corpo, \u00e9 o sentido vivido durante o espet\u00e1culo.<\/span><\/p><p class=\"MsoNormal\" style=\"text-align: justify; text-justify: inter-ideograph; text-indent: 35.45pt; line-height: 150%;\"><span style=\"font-family: Arial, sans-serif; color: black; letter-spacing: 0.25pt; background-image: initial; background-position: initial; background-size: initial; background-repeat: initial; background-attachment: initial; background-origin: initial; background-clip: initial;\">\u201cCorpo Sert\u00e3o, sem \u00f3rg\u00e3os, sa\u00fada o cosmos. Multid\u00e3o!\u201d, o coro canta fechando o segundo ato d\u2019<em>A Luta I<\/em><\/span> <a href=\"https:\/\/youtu.be\/K4pkJD-SHjY\" target=\"_blank\" rel=\"noopener\"><span style=\"font-family: Arial, sans-serif; letter-spacing: 0.25pt; background-image: initial; background-position: initial; background-size: initial; background-repeat: initial; background-attachment: initial; background-origin: initial; background-clip: initial;\">[Corpo Sert\u00e3o]<\/span><\/a><span style=\"font-family: Arial, sans-serif; color: #444444; letter-spacing: 0.25pt; background-image: initial; background-position: initial; background-size: initial; background-repeat: initial; background-attachment: initial; background-origin: initial; background-clip: initial;\">, <\/span><span style=\"font-family: Arial, sans-serif; color: black; letter-spacing: 0.25pt; background-image: initial; background-position: initial; background-size: initial; background-repeat: initial; background-attachment: initial; background-origin: initial; background-clip: initial;\">misturando Oswald de Andrade, Artaud, Deleuze e Guattari (fil\u00f3sofos que desenvolveram o conceito de corpo sem \u00f3rg\u00e3os, CsO de Artaud)<span class=\"MsoFootnoteReference\"><span class=\"MsoFootnoteReference\"><span style=\"font-size: 12pt; font-family: Arial, sans-serif; color: black; letter-spacing: 0.25pt; background-image: initial; background-position: initial; background-size: initial; background-repeat: initial; background-attachment: initial; background-origin: initial; background-clip: initial;\">[\u00b9]<\/span><\/span><!--[endif]--><\/span>, Euclides da Cunha, Z\u00e9 Celso e todos n\u00f3s ali, pra rimar. Direto ao ponto.<\/span><\/p><p class=\"MsoNormal\" style=\"text-align: justify; text-justify: inter-ideograph; text-indent: 35.45pt; line-height: 150%;\"><span style=\"font-family: Arial, sans-serif; color: black; letter-spacing: 0.25pt; background-image: initial; background-position: initial; background-size: initial; background-repeat: initial; background-attachment: initial; background-origin: initial; background-clip: initial;\">E em outra cena, do espet\u00e1culo <em>O Homem II<\/em><\/span> <a href=\"https:\/\/youtu.be\/Anp09zac8Mw\" target=\"_blank\" rel=\"noopener\"><span style=\"font-family: Arial, sans-serif; letter-spacing: 0.25pt; background-image: initial; background-position: initial; background-size: initial; background-repeat: initial; background-attachment: initial; background-origin: initial; background-clip: initial;\">[Polip\u00c9ros]<\/span><\/a><span style=\"font-family: Arial, sans-serif; color: #444444; letter-spacing: 0.25pt; background-image: initial; background-position: initial; background-size: initial; background-repeat: initial; background-attachment: initial; background-origin: initial; background-clip: initial;\">, <\/span><span style=\"font-family: Arial, sans-serif; color: black; letter-spacing: 0.25pt; background-image: initial; background-position: initial; background-size: initial; background-repeat: initial; background-attachment: initial; background-origin: initial; background-clip: initial;\">novamente o cor(p)o sem \u00f3rg\u00e3os misturado \u00e0s palavras de Euclides faladas cantadas em coro, ao som do ritmo do maracatu<span class=\"MsoFootnoteReference\"><!-- [if !supportFootnotes]--><span class=\"MsoFootnoteReference\"><span style=\"font-size: 12pt; font-family: Arial, sans-serif; color: black; letter-spacing: 0.25pt; background-image: initial; background-position: initial; background-size: initial; background-repeat: initial; background-attachment: initial; background-origin: initial; background-clip: initial;\">[\u00b2]<\/span><\/span><!--[endif]--><\/span>, fala e m\u00fasica indissociadas. \u00c9 a forma\u00e7\u00e3o do arraial de Canudos, com gente vindo de toda parte do sert\u00e3o, culturas diferentes, fomes diferentes, juntos ali num sonho de uma nova sociedade, uma nova possibilidade de vida coletiva, polip\u00c9ros <span class=\"MsoFootnoteReference\"><!-- [if !supportFootnotes]--><span class=\"MsoFootnoteReference\"><span style=\"font-size: 12pt; font-family: Arial, sans-serif; color: black; letter-spacing: 0.25pt; background-image: initial; background-position: initial; background-size: initial; background-repeat: initial; background-attachment: initial; background-origin: initial; background-clip: initial;\">[\u00b3]<\/span><\/span><!--[endif]--><\/span>, criando o centro do cosmos no meio do sert\u00e3o. Pot\u00eancia de cria\u00e7\u00e3o infinita, o ritmo guiando as palavras num primeiro momento faladas, melodias surgem aqui e ali, e os corpos que se movimentam pelo espa\u00e7o, com o p\u00fablico junto, ocupando a pista, um corpo \u00fanico em movimento.<\/span><\/p><\/div><\/div><\/div><\/div><\/div><div class=\"vce-col vce-col--md-auto vce-col--xs-1 vce-col--xs-last vce-col--xs-first vce-col--sm-last vce-col--sm-first vce-col--md-last vce-col--lg-last vce-col--xl-last\" id=\"el-24d03e28\"><div class=\"vce-col-inner\" data-vce-do-apply=\"border margin background  el-24d03e28\"><div class=\"vce-col-content\" data-vce-element-content=\"true\" data-vce-do-apply=\"padding el-24d03e28\"><div class=\"vce-text-block\"><div class=\"vce-text-block-wrapper vce\" id=\"el-475d9867\" data-vce-do-apply=\"all el-475d9867\"><p class=\"MsoNormal\" style=\"font-family: Hind, sans-serif; font-size: 16px; font-weight: 400; font-style: normal; text-align: justify; text-indent: 35.45pt; line-height: 24px;\"><span style=\"font-family: Arial, sans-serif; font-size: 16px; color: black; letter-spacing: 0.25pt; background-image: initial; background-position: initial; background-size: initial; background-repeat: initial; background-attachment: initial; background-origin: initial; background-clip: initial;\">Para desenvolver o conceito do CsO a partir das experi\u00eancias e escritos de Antonin Artaud, os fil\u00f3sofos Gilles Deleuze e F\u00e9lix Guattari, al\u00e9m do pr\u00f3prio, todos franceses, precisaram quebrar em seus corpos s\u00e9culos de cultura ocidental crist\u00e3. N\u00f3s aqui, abaixo da linha do equador, j\u00e1 trazemos de certa forma a corporifica\u00e7\u00e3o desse conceito em n\u00f3s, n\u00e3o precisar\u00edamos quebrar um outro conceito anterior que n\u00e3o chegamos a viver t\u00e3o intensamente em nossos corpos. Na nossa mistura de culturas, no Carnaval e outras festas populares, na nossa heran\u00e7a viva e contracena\u00e7\u00e3o \u2013 tamb\u00e9m de povos europeus colonizadores, mas amalgamados durante s\u00e9culos com os diferentes povos origin\u00e1rios daqui e outros tantos trazidos escravizados do continente africano \u2013, na liga\u00e7\u00e3o direta com a terra, com o calor, e ainda da pr\u00e1tica de coro e p\u00fablico no teatro, temos o privil\u00e9gio de ainda ocuparmos nossos corpos. E formar, na promiscuidade dos sons que entram e saem deles e de tantos corpos juntos no mesmo espa\u00e7o, um coro sem \u00f3rg\u00e3os, um corpo sonoro de ondas rebolantes pelo espa\u00e7o.<\/span><\/p><div style=\"font-family: Hind, sans-serif; font-size: 16px; font-weight: 400; font-style: normal;\"><hr align=\"left\" size=\"1\" width=\"33%\"><div id=\"ftn1\" style=\"font-size: 16px;\"><p class=\"MsoFootnoteText\" style=\"font-size: 16px; text-align: justify;\"><span class=\"MsoFootnoteReference\" style=\"font-size: 16px;\"><span style=\"font-family: 'Times New Roman', serif; font-size: 12pt;\">[\u00b9]<\/span><\/span>&nbsp;<span style=\"font-size: 10pt;\">Para aprofundar o assunto, o livro&nbsp;<em style=\"font-size: 13.3333px;\">O anti-\u00c9dipo<\/em>, de Gilles Deleuze e F\u00e9lix Guattari, e a pe\u00e7a radiof\u00f4nica&nbsp;<em style=\"font-size: 13.3333px;\">Pra dar um fim no ju\u00edzo de Deus<\/em>, de Antonin Artaud.<\/span><\/p><\/div><div id=\"ftn2\" style=\"font-size: 16px;\"><p class=\"MsoFootnoteText\" style=\"font-size: 16px; text-align: justify;\"><span class=\"MsoFootnoteReference\" style=\"font-size: 16px;\"><span style=\"font-size: 10pt;\"><span class=\"MsoFootnoteReference\" style=\"font-size: 13.3333px;\"><span style=\"font-family: 'Times New Roman', serif; font-size: 10pt;\">[\u00b2]<\/span><\/span><\/span><\/span><span style=\"font-size: 10pt;\">&nbsp;G\u00eanero musical, dan\u00e7a e ritual religioso de matriz Africana e origin\u00e1rio do estado de Pernambuco, hoje praticado em v\u00e1rias regi\u00f5es do Brasil e tamb\u00e9m no exterior.<\/span><\/p><\/div><div id=\"ftn3\" style=\"font-size: 16px;\"><p class=\"MsoFootnoteText\" style=\"font-size: 16px; text-align: justify;\"><span class=\"MsoFootnoteReference\" style=\"font-size: 16px;\"><span style=\"font-family: 'Times New Roman', serif; font-size: 12pt;\">[\u00b3]<\/span><\/span>&nbsp;<span style=\"font-size: 10pt;\">Polip\u00c9ros, mais uma palavra inventada a partir de uma j\u00e1 existente com acr\u00e9scimo de sentidos. Aqui Euclides da Cunha no livro&nbsp;<em style=\"font-size: 13.3333px;\">Os Sert\u00f5es<\/em>&nbsp;refere-se aos habitantes de Canudos como polipeiro humano, comparando-os \u00e0s forma\u00e7\u00f5es de corais \u2013 \u00f3 o coro a\u00ed, gente! \u2013 mar\u00edtimos. A partir do texto da pe\u00e7a cantamos polip\u00c9ros, trazendo o deus grego Eros, o amor, para designar o coro de Canudos.<\/span><\/p><\/div><\/div><\/div><\/div><\/div><\/div><\/div><\/div><\/div><\/div><div class=\"vce-row-container\" data-vce-boxed-width=\"true\"><div class=\"vce-row vce-row--col-gap-30 vce-row-equal-height vce-row-content--top\" id=\"el-978e8fcc\" data-vce-do-apply=\"all el-978e8fcc\"><div class=\"vce-row-content\" data-vce-element-content=\"true\"><div class=\"vce-col vce-col--md-auto vce-col--xs-1 vce-col--xs-last vce-col--xs-first vce-col--sm-last vce-col--sm-first vce-col--md-first vce-col--lg-first vce-col--xl-first\" id=\"el-7d8f2c1a\"><div class=\"vce-col-inner\" data-vce-do-apply=\"border margin background  el-7d8f2c1a\"><div class=\"vce-col-content\" data-vce-element-content=\"true\" data-vce-do-apply=\"padding el-7d8f2c1a\"><div class=\"vce-yt-video-player vce-yt-video-player--align-left vce-yt-video-player--size-560x315\"><div class=\"vce vce-yt-video-player-wrapper\" id=\"el-be22a805\" data-vce-do-apply=\"all el-be22a805\" style=\"width: 560px;\"><div class=\"vce-yt-video-player-inner\"><iframe loading=\"lazy\" class=\"vce-yt-video-player-iframe\" src=\"https:\/\/www.youtube.com\/embed\/K4pkJD-SHjY?autoplay=0&amp;mute=0&amp;color=red&amp;controls=1&amp;loop=0&amp;rel=0&amp;start=0&amp;cc_load_policy=0&amp;iv_load_policy=3\" width=\"640\" height=\"390\" allowfullscreen=\"\"><\/iframe><\/div><\/div><\/div><\/div><\/div><\/div><div class=\"vce-col vce-col--md-auto vce-col--xs-1 vce-col--xs-last vce-col--xs-first vce-col--sm-last vce-col--sm-first vce-col--md-last vce-col--lg-last vce-col--xl-last\" id=\"el-95876b22\"><div class=\"vce-col-inner\" data-vce-do-apply=\"border margin background  el-95876b22\"><div class=\"vce-col-content\" data-vce-element-content=\"true\" data-vce-do-apply=\"padding el-95876b22\"><div class=\"vce-yt-video-player vce-yt-video-player--align-left vce-yt-video-player--size-560x315\"><div class=\"vce vce-yt-video-player-wrapper\" id=\"el-e8404a75\" data-vce-do-apply=\"all el-e8404a75\" style=\"width: 560px;\"><div class=\"vce-yt-video-player-inner\"><iframe loading=\"lazy\" class=\"vce-yt-video-player-iframe\" src=\"https:\/\/www.youtube.com\/embed\/Anp09zac8Mw?autoplay=0&amp;mute=0&amp;color=red&amp;controls=1&amp;loop=0&amp;rel=0&amp;start=0&amp;cc_load_policy=0&amp;iv_load_policy=3\" width=\"640\" height=\"390\" allowfullscreen=\"\"><\/iframe><\/div><\/div><\/div><\/div><\/div><\/div><\/div><\/div><\/div><div class=\"vce-row-container\" data-vce-boxed-width=\"true\"><div class=\"vce-row vce-row--col-gap-30 vce-row-equal-height vce-row-content--top\" id=\"el-acfeac7f\" data-vce-do-apply=\"all el-acfeac7f\"><div class=\"vce-row-content\" data-vce-element-content=\"true\"><div class=\"vce-col vce-col--md-auto vce-col--xs-1 vce-col--xs-last vce-col--xs-first vce-col--sm-last vce-col--sm-first vce-col--md-last vce-col--lg-last vce-col--xl-last vce-col--md-first vce-col--lg-first vce-col--xl-first\" id=\"el-5dd2e429\"><div class=\"vce-col-inner\" data-vce-do-apply=\"border margin background  el-5dd2e429\"><div class=\"vce-col-content\" data-vce-element-content=\"true\" data-vce-do-apply=\"padding el-5dd2e429\"><div class=\"vce vce-separator-container vce-separator--align-center vce-separator--style-solid\" id=\"el-877ec7eb\" data-vce-do-apply=\"margin el-877ec7eb\"><div class=\"vce-separator vce-separator--color-b-5-106-57 vce-separator--width-100 vce-separator--thickness-3\" data-vce-do-apply=\"border padding background  el-877ec7eb\"><\/div><\/div><div class=\"vce-text-block\"><div class=\"vce-text-block-wrapper vce\" id=\"el-1807ffa4\" data-vce-do-apply=\"all el-1807ffa4\"><h2 style=\"text-align: center;\">Composi\u00e7\u00e3o musical Musicaliza\u00e7\u00e3o do texto<\/h2><\/div><\/div><\/div><\/div><\/div><\/div><\/div><\/div><div class=\"vce-row-container\" data-vce-boxed-width=\"true\"><div class=\"vce-row vce-row--col-gap-30 vce-row-equal-height vce-row-content--top\" id=\"el-36a536bf\" data-vce-do-apply=\"all el-36a536bf\"><div class=\"vce-row-content\" data-vce-element-content=\"true\"><div class=\"vce-col vce-col--md-auto vce-col--xs-1 vce-col--xs-last vce-col--xs-first vce-col--sm-last vce-col--sm-first vce-col--md-first vce-col--lg-first vce-col--xl-first\" id=\"el-74afa20b\"><div class=\"vce-col-inner\" data-vce-do-apply=\"border margin background  el-74afa20b\"><div class=\"vce-col-content\" data-vce-element-content=\"true\" data-vce-do-apply=\"padding el-74afa20b\"><div class=\"vce-text-block\"><div class=\"vce-text-block-wrapper vce\" id=\"el-47322251\" data-vce-do-apply=\"all el-47322251\"><p class=\"MsoNormal\" style=\"text-align: justify; text-justify: inter-ideograph; text-indent: 35.45pt; line-height: 150%;\"><span style=\"color: #000000; font-family: Arial, sans-serif;\"><span style=\"letter-spacing: 0.333333px;\">O processo de musicaliza\u00e7\u00e3o para os espet\u00e1culos d\u2019Os Sert\u00f5es passou por diferentes momentos, e teve no seu come\u00e7o uma grande descoberta, que influenciou toda a cria\u00e7\u00e3o que veio a seguir. A musicalidade do texto de Euclides, o prazer em falar aquelas palavras, descobrir seus sentidos, o ritmo que sa\u00eda delas, suas estranhas combina\u00e7\u00f5es. Como os espet\u00e1culos do Oficina que costumam ter v\u00e1rios come\u00e7os e v\u00e1rios finais, com o processo d\u2019Os Sert\u00f5es n\u00e3o foi diferente. Mas o que pode ser considerado o come\u00e7o oficial do processo de cria\u00e7\u00e3o e montagem, que resultou nos cinco espet\u00e1culos e suas mais de 26 horas de dura\u00e7\u00e3o, foi a leitura em voz alta por um coro de aproximadamente 200 pessoas, que durante dois meses leram juntas o livro inteiro \u2013 com consultas essenciais ao gloss\u00e1rio.<\/span><\/span><\/p>\n<p class=\"MsoNormal\" style=\"text-align: justify; text-justify: inter-ideograph; text-indent: 35.45pt; line-height: 150%;\"><span style=\"color: #000000; font-family: Arial, sans-serif;\"><span style=\"letter-spacing: 0.333333px;\">Em seguida, j\u00e1 no processo de ensaios, ainda sem o texto trabalhado com a dramaturgia, me lembro de experimentar ler p\u00e1ginas inteiras em coro a partir de uma \u00fanica nota musical. Nem era o samba de uma nota s\u00f3, porque neste<\/span><\/span><\/p><\/div><\/div><div class=\"vce vce-separator-container vce-separator--align-center vce-separator--style-solid\" id=\"el-10b615a5\" data-vce-do-apply=\"margin el-10b615a5\"><div class=\"vce-separator vce-separator--color-b-5-106-57 vce-separator--width-100 vce-separator--thickness-3\" data-vce-do-apply=\"border padding background  el-10b615a5\"><\/div><\/div><\/div><\/div><\/div><div class=\"vce-col vce-col--md-auto vce-col--xs-1 vce-col--xs-last vce-col--xs-first vce-col--sm-last vce-col--sm-first vce-col--md-last vce-col--lg-last vce-col--xl-last\" id=\"el-c33fb1e8\"><div class=\"vce-col-inner\" data-vce-do-apply=\"border margin background  el-c33fb1e8\"><div class=\"vce-col-content\" data-vce-element-content=\"true\" data-vce-do-apply=\"padding el-c33fb1e8\"><div class=\"vce-text-block\"><div class=\"vce-text-block-wrapper vce\" id=\"el-e10b6a2e\" data-vce-do-apply=\"all el-e10b6a2e\"><p class=\"MsoNormal\" style=\"text-align: justify; text-indent: 35.45pt; line-height: 24px;\"><span style=\"color: #000000; font-family: Arial, sans-serif;\"><span style=\"letter-spacing: 0.333333px;\">momento ainda trabalh\u00e1vamos sem m\u00fasicos, e nem um ritmo sugerido, uma batida, nada.&nbsp; \u00c9ramos guiados pelo ritmo das palavras. Todos com seus livros na m\u00e3o, cada ator com uma edi\u00e7\u00e3o diferente, mas todos os livros grandes e pesados, carregados pra l\u00e1 e pra c\u00e1 em experimenta\u00e7\u00f5es de cenas. \u00c9ramos rios que desciam, montanhas quietas de alturas soberbas, ventos, rochas.<\/span><\/span><\/p>\n<p class=\"MsoNormal\" style=\"text-align: justify; text-indent: 35.45pt; line-height: 24px;\"><span style=\"color: #000000; font-family: Arial, sans-serif;\"><span style=\"letter-spacing: 0.333333px;\">Passamos por v\u00e1rias formas de compor can\u00e7\u00f5es para os espet\u00e1culos, que descrevo mais detalhadamente ao longo da disserta\u00e7\u00e3o. Algumas vezes Z\u00e9 pedia para certos compositores atuadores comporem certas can\u00e7\u00f5es, pela personalidade de cada um. \u00c0s vezes funcionava, outras nem tanto. Era muito comum compormos alguma coisa em casa a partir das orienta\u00e7\u00f5es do diretor, da\u00ed no ensaio \u00edamos adequando \u00e0 cena, outros atores iam cantando, modificando a can\u00e7\u00e3o. Por vezes intencionalmente por outras sem querer, com a inten\u00e7\u00e3o de cantar uma melodia e sa\u00eda outra, e acaso se encaixasse melhor na cena, absorvia-se a mudan\u00e7a.<\/span><\/span><\/p><\/div><\/div><\/div><\/div><\/div><\/div><\/div><\/div><div class=\"vce-row-container\" data-vce-boxed-width=\"true\"><div class=\"vce-row vce-row--col-gap-30 vce-row-equal-height vce-row-content--top\" id=\"el-9200b2ac\" data-vce-do-apply=\"all el-9200b2ac\"><div class=\"vce-row-content\" data-vce-element-content=\"true\"><div class=\"vce-col vce-col--md-auto vce-col--xs-1 vce-col--xs-last vce-col--xs-first vce-col--sm-last vce-col--sm-first vce-col--md-first vce-col--lg-first vce-col--xl-first\" id=\"el-bce10620\"><div class=\"vce-col-inner\" data-vce-do-apply=\"border margin background  el-bce10620\"><div class=\"vce-col-content\" data-vce-element-content=\"true\" data-vce-do-apply=\"padding el-bce10620\"><div class=\"vce-yt-video-player vce-yt-video-player--align-left vce-yt-video-player--size-560x315\"><div class=\"vce vce-yt-video-player-wrapper\" id=\"el-4bdf3bcc\" data-vce-do-apply=\"all el-4bdf3bcc\" style=\"width: 560px;\"><div class=\"vce-yt-video-player-inner\"><iframe loading=\"lazy\" class=\"vce-yt-video-player-iframe\" src=\"https:\/\/www.youtube.com\/embed\/ZWlDtdh8KX8?autoplay=0&amp;mute=0&amp;color=red&amp;controls=1&amp;loop=0&amp;rel=0&amp;start=0&amp;cc_load_policy=0&amp;iv_load_policy=3\" width=\"640\" height=\"390\" allowfullscreen=\"\"><\/iframe><\/div><\/div><\/div><\/div><\/div><\/div><div class=\"vce-col vce-col--md-auto vce-col--xs-1 vce-col--xs-last vce-col--xs-first vce-col--sm-last vce-col--sm-first vce-col--md-last vce-col--lg-last vce-col--xl-last\" id=\"el-c637d4b0\"><div class=\"vce-col-inner\" data-vce-do-apply=\"border margin background  el-c637d4b0\"><div class=\"vce-col-content\" data-vce-element-content=\"true\" data-vce-do-apply=\"padding el-c637d4b0\"><div class=\"vce-text-block\"><div class=\"vce-text-block-wrapper vce\" id=\"el-1d7afa53\" data-vce-do-apply=\"all el-1d7afa53\"><p class=\"MsoNormal\" style=\"text-align: justify; text-justify: inter-ideograph; text-indent: 35.45pt; line-height: 150%;\"><span style=\"font-family: 'Arial',sans-serif;\">Chico C\u00e9sar havia assistido ao esbo\u00e7o da cena no ensaio, e pensamos ent\u00e3o que a partir do que presenciara comporia uma can\u00e7\u00e3o que se adequasse ao clima imaginado para a cena. Chegou a m\u00fasica (aqui na grava\u00e7\u00e3o original de Chico C\u00e9sar <\/span><span style=\"font-family: 'Arial',sans-serif;\">e n\u00e3o se encaixava ao que Z\u00e9 tinha imaginado para uma cena de estouro de uma boiada no sert\u00e3o. Muito suave. Precis\u00e1vamos de algo mais forte, com energia de uma manada de bois fugindo livres pela caatinga. Mas n\u00f3s os atores t\u00ednhamos gostado e ouvido bastante a can\u00e7\u00e3o, e resolvemos tentar encaixar aquela composi\u00e7\u00e3o ao que o diretor imaginara para a cena. E deu certo.<\/span><\/p><\/div><\/div><div class=\"vce vce-separator-container vce-separator--align-center vce-separator--style-solid\" id=\"el-0062fffe\" data-vce-do-apply=\"margin el-0062fffe\"><div class=\"vce-separator vce-separator--color-b-5-106-57 vce-separator--width-100 vce-separator--thickness-3\" data-vce-do-apply=\"border padding background  el-0062fffe\"><\/div><\/div><\/div><\/div><\/div><\/div><\/div><\/div><div class=\"vce-row-container\" data-vce-boxed-width=\"true\"><div class=\"vce-row vce-row--col-gap-30 vce-row-equal-height vce-row-content--top\" id=\"el-5947d404\" data-vce-do-apply=\"all el-5947d404\"><div class=\"vce-row-content\" data-vce-element-content=\"true\"><div class=\"vce-col vce-col--md-auto vce-col--xs-1 vce-col--xs-last vce-col--xs-first vce-col--sm-last vce-col--sm-first vce-col--md-first vce-col--lg-first vce-col--xl-first\" id=\"el-fe062e35\"><div class=\"vce-col-inner\" data-vce-do-apply=\"border margin background  el-fe062e35\"><div class=\"vce-col-content\" data-vce-element-content=\"true\" data-vce-do-apply=\"padding el-fe062e35\"><div class=\"vce-text-block\"><div class=\"vce-text-block-wrapper vce\" id=\"el-1e2f541d\" data-vce-do-apply=\"all el-1e2f541d\"><p class=\"MsoNormal\" style=\"text-align: justify; text-justify: inter-ideograph; text-indent: 35.45pt; line-height: 150%;\"><span style=\"font-family: Arial, sans-serif;\">Pela minha familiaridade com o samba, Z\u00e9 me pediu para compor um samba com o texto descritivo da \u00e1rvore Favela, que dava nome ao morro da Favela, cen\u00e1rio da guerra em Canudos e que passou a denominar os morros do Rio de Janeiro onde vinham morar os soldados que retornavam derrotados da guerra, sem o soldo devido pelo governo. O diretor queria justamente um samba tradicional, que remetesse aos in\u00fameros sambas de compositores provenientes de favelas do Rio de Janeiro.&nbsp;<\/span><\/p>\n<p class=\"MsoNormal\" style=\"text-align: justify; text-justify: inter-ideograph; text-indent: 35.45pt; line-height: 150%;\"><span style=\"font-family: Arial, sans-serif;\">Compus o samba que eu mesma cantava no espet\u00e1culo A Terra, acompanhada pelo meu cavaquinho, acordeon e a percuss\u00e3o que vinha tocar comigo na cena.<\/span><\/p>\n<p class=\"MsoNormal\" style=\"text-align: justify; text-justify: inter-ideograph; text-indent: 35.45pt; line-height: 150%;\"><span style=\"font-family: Arial, sans-serif; font-size: 16px; font-style: normal; font-weight: 400; text-indent: 47.2667px;\">Da\u00ed no final da can\u00e7\u00e3o o samba \u2013 cuja letra reproduz literalmente a descri\u00e7\u00e3o de Euclides da \u00e1rvore Favela apresentada no livro \u2013 ia virando um funk carioca,&nbsp;<\/span><span style=\"font-family: Arial, sans-serif; font-size: 16px; font-style: normal; font-weight: 400; text-indent: 47.2667px;\">pra ser agora cantado pelos soldados regressos&nbsp;<\/span><span style=\"font-family: Arial, sans-serif; font-size: 16px; font-style: normal; font-weight: 400; text-indent: 47.2667px;\">de Canudos, contando a hist\u00f3ria do nome favela<\/span><\/p>\n<p style=\"text-align: justify; text-indent: 47.2667px;\">&nbsp;<\/p><\/div><\/div><\/div><\/div><\/div><div class=\"vce-col vce-col--md-auto vce-col--xs-1 vce-col--xs-last vce-col--xs-first vce-col--sm-last vce-col--sm-first vce-col--md-last vce-col--lg-last vce-col--xl-last\" id=\"el-10c7fceb\"><div class=\"vce-col-inner\" data-vce-do-apply=\"border margin background  el-10c7fceb\"><div class=\"vce-col-content\" data-vce-element-content=\"true\" data-vce-do-apply=\"padding el-10c7fceb\"><div class=\"vce-yt-video-player vce-yt-video-player--align-left vce-yt-video-player--size-560x315\"><div class=\"vce vce-yt-video-player-wrapper\" id=\"el-bf430300\" data-vce-do-apply=\"all el-bf430300\" style=\"width: 560px;\"><div class=\"vce-yt-video-player-inner\"><iframe loading=\"lazy\" class=\"vce-yt-video-player-iframe\" src=\"https:\/\/www.youtube.com\/embed\/stRIO4t6Oak?autoplay=0&amp;mute=0&amp;color=red&amp;controls=1&amp;loop=0&amp;rel=0&amp;start=0&amp;cc_load_policy=0&amp;iv_load_policy=3\" width=\"640\" height=\"390\" allowfullscreen=\"\"><\/iframe><\/div><\/div><\/div><div class=\"vce-text-block\"><div class=\"vce-text-block-wrapper vce\" id=\"el-6bce90d8\" data-vce-do-apply=\"all el-6bce90d8\"><p class=\"MsoNormal\" style=\"font-family: Hind, sans-serif; font-size: 16px; font-weight: 400; font-style: normal; text-indent: 35.45pt; line-height: 24px; text-align: left;\"><span style=\"font-family: Arial, sans-serif; font-size: 16px;\">passar a denominar as grandes aglomera\u00e7\u00f5es de gente nas grandes cidades. E trazendo a refer\u00eancia da favela nos dias de hoje, bem representada pelo funk carioca. O eterno presente.<\/span><\/p>\n<p class=\"MsoNormal\" style=\"font-family: Hind, sans-serif; font-size: 16px; font-weight: 400; font-style: normal; text-align: justify; text-indent: 35.45pt; line-height: 24px;\"><span style=\"font-family: Arial, sans-serif; font-size: 16px;\">&nbsp;\u201cAquele que sabe tem que experimentar aquilo que sabe\u201d, diz Dion\u00edsio em Bacantes, de Eur\u00edpedes, pelo mesmo Teatro Oficina.&nbsp;<\/span><\/p><\/div><\/div><\/div><\/div><\/div><\/div><\/div><\/div><div class=\"vce-row-container\" data-vce-boxed-width=\"true\"><div class=\"vce-row vce-row--col-gap-30 vce-row-equal-height vce-row-content--top\" id=\"el-4c1b0bcc\" data-vce-do-apply=\"all el-4c1b0bcc\"><div class=\"vce-row-content\" data-vce-element-content=\"true\"><div class=\"vce-col vce-col--md-auto vce-col--xs-1 vce-col--xs-last vce-col--xs-first vce-col--sm-last vce-col--sm-first vce-col--md-last vce-col--lg-last vce-col--xl-last vce-col--md-first vce-col--lg-first vce-col--xl-first\" id=\"el-533802ae\"><div class=\"vce-col-inner\" data-vce-do-apply=\"border margin background  el-533802ae\"><div class=\"vce-col-content\" data-vce-element-content=\"true\" data-vce-do-apply=\"padding el-533802ae\"><div class=\"vce vce-separator-container vce-separator--align-center vce-separator--style-solid\" id=\"el-7777ec6c\" data-vce-do-apply=\"margin el-7777ec6c\"><div class=\"vce-separator vce-separator--color-b-5-106-57 vce-separator--width-100 vce-separator--thickness-3\" data-vce-do-apply=\"border padding background  el-7777ec6c\"><\/div><\/div><div class=\"vce-text-block\"><div class=\"vce-text-block-wrapper vce\" id=\"el-a197a27e\" data-vce-do-apply=\"all el-a197a27e\"><h2 style=\"text-align: center;\">P\u00fablico atuador<\/h2><\/div><\/div><\/div><\/div><\/div><\/div><\/div><\/div><div class=\"vce-row-container\" data-vce-boxed-width=\"true\"><div class=\"vce-row vce-row--col-gap-30 vce-row-equal-height vce-row-content--top\" id=\"el-10c925e6\" data-vce-do-apply=\"all el-10c925e6\"><div class=\"vce-row-content\" data-vce-element-content=\"true\"><div class=\"vce-col vce-col--md-auto vce-col--xs-1 vce-col--xs-last vce-col--xs-first vce-col--sm-last vce-col--sm-first vce-col--md-last vce-col--lg-last vce-col--xl-last vce-col--md-first vce-col--lg-first vce-col--xl-first\" id=\"el-263c66b8\"><div class=\"vce-col-inner\" data-vce-do-apply=\"border margin background  el-263c66b8\"><div class=\"vce-col-content\" data-vce-element-content=\"true\" data-vce-do-apply=\"padding el-263c66b8\"><div class=\"vce-row-container\" data-vce-boxed-width=\"true\"><div class=\"vce-row vce-row--col-gap-30 vce-row-equal-height vce-row-content--top\" id=\"el-820632a2\" data-vce-do-apply=\"all el-820632a2\"><div class=\"vce-row-content\" data-vce-element-content=\"true\"><div class=\"vce-col vce-col--md-auto vce-col--xs-1 vce-col--xs-last vce-col--xs-first vce-col--sm-last vce-col--sm-first vce-col--md-last vce-col--lg-last vce-col--xl-last vce-col--md-first vce-col--lg-first vce-col--xl-first\" id=\"el-450d3835\"><div class=\"vce-col-inner\" data-vce-do-apply=\"border margin background  el-450d3835\"><div class=\"vce-col-content\" data-vce-element-content=\"true\" data-vce-do-apply=\"padding el-450d3835\"><div class=\"vce-row-container\" data-vce-boxed-width=\"true\"><div class=\"vce-row vce-row--col-gap-30 vce-row-equal-height vce-row-content--top\" id=\"el-2b8c7a85\" data-vce-do-apply=\"all el-2b8c7a85\"><div class=\"vce-row-content\" data-vce-element-content=\"true\"><div class=\"vce-col vce-col--md-auto vce-col--xs-1 vce-col--xs-last vce-col--xs-first vce-col--sm-last vce-col--sm-first vce-col--md-first vce-col--lg-first vce-col--xl-first\" id=\"el-dfad9264\"><div class=\"vce-col-inner\" data-vce-do-apply=\"border margin background  el-dfad9264\"><div class=\"vce-col-content\" data-vce-element-content=\"true\" data-vce-do-apply=\"padding el-dfad9264\"><div class=\"vce-yt-video-player vce-yt-video-player--align-left vce-yt-video-player--size-560x315\"><div class=\"vce vce-yt-video-player-wrapper\" id=\"el-392fe14b\" data-vce-do-apply=\"all el-392fe14b\" style=\"width: 560px;\"><div class=\"vce-yt-video-player-inner\"><iframe loading=\"lazy\" class=\"vce-yt-video-player-iframe\" src=\"https:\/\/www.youtube.com\/embed\/wzOj9W7e_gQ?autoplay=0&amp;mute=0&amp;color=red&amp;controls=1&amp;loop=0&amp;rel=0&amp;start=0&amp;cc_load_policy=0&amp;iv_load_policy=3\" width=\"640\" height=\"390\" allowfullscreen=\"\"><\/iframe><\/div><\/div><\/div><div class=\"vce-text-block\"><div class=\"vce-text-block-wrapper vce\" id=\"el-b2a3e996\" data-vce-do-apply=\"all el-b2a3e996\"><p class=\"MsoNormal\" style=\"text-align: justify; text-justify: inter-ideograph; text-indent: 35.45pt; line-height: 150%;\"><span style=\"font-family: Arial, sans-serif;\">Saliento aqui um termo usado e buscado insistentemente na pr\u00e1tica nos trabalhos de cria\u00e7\u00e3o do Teatro Oficina nos \u00faltimos anos, que \u00e9 o P\u00fablico Atuador (termo j\u00e1 bastante utilizado ao longo desse texto). N\u00e3o o p\u00fablico que \u00e9 chamado a interagir rapidamente com o elenco, nem \u201cparticipar\u201d do espet\u00e1culo, o que muitas vezes faz apenas com que esse espectador escolhido passe por algum momento constrangedor perante o resto do p\u00fablico. \u00c9 o espectador instigado a atuar junto, entrar em cena e mandar ver.&nbsp;<\/span><span style=\"font-family: Arial, sans-serif; font-size: 16px; font-style: normal; font-weight: 400; text-indent: 47.2667px;\">E da\u00ed tra\u00e7ar suas pr\u00f3prias impress\u00f5es a partir da experi\u00eancia vivida ali naquele lugar naquele momento e com aquelas pessoas. E com aquela m\u00fasica.<\/span><\/p><\/div><\/div><\/div><\/div><\/div><div class=\"vce-col vce-col--md-auto vce-col--xs-1 vce-col--xs-last vce-col--xs-first vce-col--sm-last vce-col--sm-first vce-col--md-last vce-col--lg-last vce-col--xl-last\" id=\"el-33f985d7\"><div class=\"vce-col-inner\" data-vce-do-apply=\"border margin background  el-33f985d7\"><div class=\"vce-col-content\" data-vce-element-content=\"true\" data-vce-do-apply=\"padding el-33f985d7\"><div class=\"vce-text-block\"><div class=\"vce-text-block-wrapper vce\" id=\"el-f339eff6\" data-vce-do-apply=\"all el-f339eff6\"><p class=\"MsoNormal\" style=\"text-align: justify; text-justify: inter-ideograph; text-indent: 35.45pt; line-height: 150%;\"><span style=\"font-family: Arial, sans-serif;\">Exemplifico com duas cenas de dois espet\u00e1culos d\u2019Os Sert\u00f5es, onde a m\u00fasica atua como agente quebra-barreiras \u2013 al\u00e9m de quebra-quarta-parede \u2013 entre atores em cena e p\u00fablico, e o cantar junto possibilita a entrada do espectador na cena sem passar (demais) pelo racional. Nesse primeiro exemplo, numa cena do espet\u00e1culo O Homem II \u2013 da revolta ao trans-homem [Xucuru], o p\u00fablico aprende a can\u00e7\u00e3o (adaptada de um canto do povo Xucuru, sugerida e interpretada no espet\u00e1culo por Adriano Salhab, m\u00fasico ator pernambucano que compunha banda e elenco) com o corifeu que puxa o canto e prop\u00f5e com o coro o modelo de respons\u00f3rio: ele canta uma parte e o coro repete, assim at\u00e9 o coro cantar a can\u00e7\u00e3o inteira, sempre repetindo o corifeu. E cantando juntos, coro de atores e espectadores v\u00e3o realizando a atividade proposta na cena, que \u00e9 a constru\u00e7\u00e3o de uma cobertura de folhas para o local onde Ant\u00f4nio Conselheiro vai proferir seus serm\u00f5es. Ao final da constru\u00e7\u00e3o da latada, atores e p\u00fablico atuador instalam-se juntos abaixo dela e ouvem a fala do profeta.<\/span><\/p><\/div><\/div><\/div><\/div><\/div><\/div><\/div><\/div><\/div><\/div><\/div><\/div><\/div><\/div><\/div><\/div><\/div><\/div><\/div><\/div><div class=\"vce-row-container\" data-vce-boxed-width=\"true\"><div class=\"vce-row vce-row--col-gap-30 vce-row-equal-height vce-row-content--top\" id=\"el-db208e90\" data-vce-do-apply=\"all el-db208e90\"><div class=\"vce-row-content\" data-vce-element-content=\"true\"><div class=\"vce-col vce-col--md-auto vce-col--xs-1 vce-col--xs-last vce-col--xs-first vce-col--sm-last vce-col--sm-first vce-col--md-last vce-col--lg-last vce-col--xl-last vce-col--md-first vce-col--lg-first vce-col--xl-first\" id=\"el-7a295605\"><div class=\"vce-col-inner\" data-vce-do-apply=\"border margin background  el-7a295605\"><div class=\"vce-col-content\" data-vce-element-content=\"true\" data-vce-do-apply=\"padding el-7a295605\"><div class=\"vce-row-container\" data-vce-boxed-width=\"true\"><div class=\"vce-row vce-row--col-gap-30 vce-row-equal-height vce-row-content--top\" id=\"el-554c67d5\" data-vce-do-apply=\"all el-554c67d5\"><div class=\"vce-row-content\" data-vce-element-content=\"true\"><div class=\"vce-col vce-col--md-auto vce-col--xs-1 vce-col--xs-last vce-col--xs-first vce-col--sm-last vce-col--sm-first vce-col--md-last vce-col--lg-last vce-col--xl-last vce-col--md-first vce-col--lg-first vce-col--xl-first\" id=\"el-de2b1ed0\"><div class=\"vce-col-inner\" data-vce-do-apply=\"border margin background  el-de2b1ed0\"><div class=\"vce-col-content\" data-vce-element-content=\"true\" data-vce-do-apply=\"padding el-de2b1ed0\"><div class=\"vce-row-container\" data-vce-boxed-width=\"true\"><div class=\"vce-row vce-row--col-gap-30 vce-row-equal-height vce-row-content--top\" id=\"el-de6aa479\" data-vce-do-apply=\"all el-de6aa479\"><div class=\"vce-row-content\" data-vce-element-content=\"true\"><div class=\"vce-col vce-col--md-auto vce-col--xs-1 vce-col--xs-last vce-col--xs-first vce-col--sm-last vce-col--sm-first vce-col--md-first vce-col--lg-first vce-col--xl-first\" id=\"el-5c72e4ed\"><div class=\"vce-col-inner\" data-vce-do-apply=\"border margin background  el-5c72e4ed\"><div class=\"vce-col-content\" data-vce-element-content=\"true\" data-vce-do-apply=\"padding el-5c72e4ed\"><div class=\"vce-yt-video-player vce-yt-video-player--align-left vce-yt-video-player--size-560x315\"><div class=\"vce vce-yt-video-player-wrapper\" id=\"el-e59e90b6\" data-vce-do-apply=\"all el-e59e90b6\" style=\"width: 560px;\"><div class=\"vce-yt-video-player-inner\"><iframe loading=\"lazy\" class=\"vce-yt-video-player-iframe\" src=\"https:\/\/www.youtube.com\/embed\/W-_HERhzXFQ?autoplay=0&amp;mute=0&amp;color=red&amp;controls=1&amp;loop=0&amp;rel=0&amp;start=0&amp;cc_load_policy=0&amp;iv_load_policy=3\" width=\"640\" height=\"390\" allowfullscreen=\"\"><\/iframe><\/div><\/div><\/div><div class=\"vce-text-block\"><div class=\"vce-text-block-wrapper vce\" id=\"el-3895bb5e\" data-vce-do-apply=\"all el-3895bb5e\"><p class=\"MsoNormal\" style=\"text-align: justify; text-justify: inter-ideograph; text-indent: 35.45pt; line-height: 150%;\"><span style=\"font-family: Arial, sans-serif;\">No segundo exemplo n\u00e3o h\u00e1 corifeu. O coro j\u00e1 come\u00e7a cantando, mas como o refr\u00e3o \u00e9 f\u00e1cil de aprender e \u00e9 uma a\u00e7\u00e3o de confronto dan\u00e7ado, o p\u00fablico, que j\u00e1 foi entrando em cena a convite (mudo, apenas pelo olhar) dos atores nas cenas anteriores, \u00e9 levado a atuar junto porque est\u00e1 misturado ao elenco e j\u00e1 entendeu a situa\u00e7\u00e3o proposta; e pode se arriscar a cantar junto o que aprendeu. Agora \u00e9 agir. A m\u00fasica, como acontece muitas vezes no Oficina, \u00e9 criada a partir da can\u00e7\u00e3o de outra pe\u00e7a, e \u00e9 puxada pela banda e cantada em coro \u2013 dois grupos: matutos e infantaria \u2013 em cena do espet\u00e1culo A Luta I [Bala bala], que j\u00e1 citei anteriormente quando me referi ao Teatro de Est\u00e1dio.<\/span><\/p>\n<p class=\"MsoNormal\" style=\"text-align: justify; text-justify: inter-ideograph; text-indent: 35.45pt; line-height: 150%;\"><span style=\"font-family: Arial, sans-serif;\">Narro um fato espec\u00edfico ocorrido nesta cena quando da apresenta\u00e7\u00e3o dos cinco espet\u00e1culos d\u2019Os Sert\u00f5es na cidade de Canudos, sert\u00e3o da Bahia, onde aconteceu originariamente a trag\u00e9dia, e onde finalizamos a temporada. L\u00e1 foi constru\u00edda, no campo de futebol da cidade, uma r\u00e9plica do Teatro Oficina de S\u00e3o Paulo, e os ingressos custavam o valor simb\u00f3lico de R$1 real, o que deu acesso amplo ao p\u00fablico de todas as classes. E como os atores estavam hospedados em casas de moradores da cidade, essa intera\u00e7\u00e3o j\u00e1 serviu como uma divulga\u00e7\u00e3o natural.<\/span><\/p><\/div><\/div><\/div><\/div><\/div><div class=\"vce-col vce-col--md-auto vce-col--xs-1 vce-col--xs-last vce-col--xs-first vce-col--sm-last vce-col--sm-first vce-col--md-last vce-col--lg-last vce-col--xl-last\" id=\"el-2a850e0d\"><div class=\"vce-col-inner\" data-vce-do-apply=\"border margin background  el-2a850e0d\"><div class=\"vce-col-content\" data-vce-element-content=\"true\" data-vce-do-apply=\"padding el-2a850e0d\"><div class=\"vce-text-block\"><div class=\"vce-text-block-wrapper vce\" id=\"el-6d596aed\" data-vce-do-apply=\"all el-6d596aed\"><p class=\"MsoNormal\" style=\"font-family: Hind, sans-serif; font-size: 16px; font-weight: 400; font-style: normal; text-align: justify; text-indent: 35.45pt; line-height: 24px;\"><span style=\"font-size: 16px;\">Nesta cena de embate entre os seguidores de Ant\u00f4nio Conselheiro e a infantaria do ex\u00e9rcito, esta can\u00e7\u00e3o era cantada por todo o coro, de soldados e conselheiristas juntos, e em alguns momentos a letra de cada parte era diferente e as vozes do coro se dividiam. Eu, que fazia parte dos conselheiristas nesta cena e portava uma peixeira \u2013 objeto de cena \u2013 bem grande mas obviamente cega, quando olhei para o matuto ao meu lado, um morador de Canudos, ele olhou c\u00famplice pra mim e minha peixeira e mostrou uma faquinha que estava empunhando \u2013 que n\u00e3o era objeto de cena \u2013, pequena mas com uma l\u00e2mina visivelmente bem afiada. Contracenamos todo o tempo da cena, ele cantava junto mesmo sem conhecer exatamente a m\u00fasica, mostrava sua faca e dan\u00e7ava conosco. Ali \u00e9ramos o coro, \u00e9ramos os matutos lutando contra a infantaria, eu era de Canudos como ele, ele era ator como eu, e n\u00e3o \u00e9ramos nada disso, est\u00e1vamos vivendo aquela cena ali, est\u00e1vamos na batalha, \u00e9ramos parte de um coro ditir\u00e2mbico como na defini\u00e7\u00e3o de Nietzsche citada p\u00e1ginas atr\u00e1s.&nbsp;<\/span><\/p>\n<p class=\"MsoNormal\" style=\"font-family: Hind, sans-serif; font-size: 16px; font-weight: 400; font-style: normal; text-align: justify; text-indent: 35.45pt; line-height: 24px;\"><span style=\"font-size: 16px;\">No primeiro momento senti medo daquela faca afiada, e ele com certeza sabia us\u00e1-la muito bem. Fiquei mais presente ainda, ligada na m\u00fasica, na luz, no resto do p\u00fablico que atuava junto, na cena toda, mas principalmente ligada nele, e com ele. Ele estava em cena, sabia que era uma cena de teatro, tinha entendido todo o contexto e atuava conosco. Eu fiquei atenta o tempo todo \u00e0 sua faca, mas principalmente porque intu\u00eda que ele n\u00e3o tinha a experi\u00eancia do espa\u00e7o e nem do movimento e desenrolar da cena como eu, ent\u00e3o fiquei \u201cde prontid\u00e3o\u201d, completamente ligada a ele, para que n\u00e3o houvesse algum acidente, j\u00e1 que muitas outras pessoas que estavam ali na cena tamb\u00e9m n\u00e3o tinham experi\u00eancia como atores e nem do espa\u00e7o onde atu\u00e1vamos. Mas ele sabia o que estava fazendo.<\/span><\/p>\n<p class=\"MsoNormal\" style=\"font-family: Hind, sans-serif; font-size: 16px; font-weight: 400; font-style: normal; text-align: justify; text-indent: 35.45pt; line-height: 24px;\"><span style=\"font-size: 16px;\">Ao fim da cena, muitos de n\u00f3s morr\u00edamos, ele caiu morto junto. Atuamos.<\/span><\/p><\/div><\/div><\/div><\/div><\/div><\/div><\/div><\/div><\/div><\/div><\/div><\/div><\/div><\/div><\/div><\/div><\/div><\/div><\/div><\/div><div class=\"vce-row-container\" data-vce-boxed-width=\"true\"><div class=\"vce-row vce-row--col-gap-30 vce-row-equal-height vce-row-content--top\" id=\"el-45e92f76\" data-vce-do-apply=\"all el-45e92f76\"><div class=\"vce-row-content\" data-vce-element-content=\"true\"><div class=\"vce-col vce-col--md-auto vce-col--xs-1 vce-col--xs-last vce-col--xs-first vce-col--sm-last vce-col--sm-first vce-col--md-last vce-col--lg-last vce-col--xl-last vce-col--md-first vce-col--lg-first vce-col--xl-first\" id=\"el-25ac7fa4\"><div class=\"vce-col-inner\" data-vce-do-apply=\"border margin background  el-25ac7fa4\"><div class=\"vce-col-content\" data-vce-element-content=\"true\" data-vce-do-apply=\"padding el-25ac7fa4\"><div class=\"vce-row-container\" data-vce-boxed-width=\"true\"><div class=\"vce-row vce-row--col-gap-30 vce-row-equal-height vce-row-content--top\" id=\"el-dcc389f7\" data-vce-do-apply=\"all el-dcc389f7\"><div class=\"vce-row-content\" data-vce-element-content=\"true\"><div class=\"vce-col vce-col--md-auto vce-col--xs-1 vce-col--xs-last vce-col--xs-first vce-col--sm-last vce-col--sm-first vce-col--md-last vce-col--lg-last vce-col--xl-last vce-col--md-first vce-col--lg-first vce-col--xl-first\" id=\"el-9befa357\"><div class=\"vce-col-inner\" data-vce-do-apply=\"border margin background  el-9befa357\"><div class=\"vce-col-content\" data-vce-element-content=\"true\" data-vce-do-apply=\"padding el-9befa357\"><div class=\"vce vce-separator-container vce-separator--align-center vce-separator--style-solid\" id=\"el-eab7d902\" data-vce-do-apply=\"margin el-eab7d902\"><div class=\"vce-separator vce-separator--color-b-5-106-57 vce-separator--width-100 vce-separator--thickness-3\" data-vce-do-apply=\"border padding background  el-eab7d902\"><\/div><\/div><div class=\"vce-row-container\" data-vce-boxed-width=\"true\"><div class=\"vce-row vce-row--col-gap-30 vce-row-equal-height vce-row-content--top\" id=\"el-cd97ce7d\" data-vce-do-apply=\"all el-cd97ce7d\"><div class=\"vce-row-content\" data-vce-element-content=\"true\"><div class=\"vce-col vce-col--md-auto vce-col--xs-1 vce-col--xs-last vce-col--xs-first vce-col--sm-last vce-col--sm-first vce-col--md-last vce-col--lg-last vce-col--xl-last vce-col--md-first vce-col--lg-first vce-col--xl-first\" id=\"el-cfdb0a22\"><div class=\"vce-col-inner\" data-vce-do-apply=\"border margin background  el-cfdb0a22\"><div class=\"vce-col-content\" data-vce-element-content=\"true\" data-vce-do-apply=\"padding el-cfdb0a22\"><div class=\"vce-text-block\"><div class=\"vce-text-block-wrapper vce\" id=\"el-2598e42a\" data-vce-do-apply=\"all el-2598e42a\"><h2>&nbsp;<\/h2>\n<h2 style=\"text-align: center;\">Repert\u00f3rio de can\u00e7\u00f5es<\/h2>\n<h2 style=\"text-align: center;\">O eterno presente<\/h2><\/div><\/div><\/div><\/div><\/div><\/div><\/div><\/div><\/div><\/div><\/div><\/div><\/div><\/div><div class=\"vce-row-container\" data-vce-boxed-width=\"true\"><div class=\"vce-row vce-row--col-gap-30 vce-row-equal-height vce-row-content--top\" id=\"el-afc57f7e\" data-vce-do-apply=\"all el-afc57f7e\"><div class=\"vce-row-content\" data-vce-element-content=\"true\"><div class=\"vce-col vce-col--md-auto vce-col--xs-1 vce-col--xs-last vce-col--xs-first vce-col--sm-last vce-col--sm-first vce-col--md-last vce-col--lg-last vce-col--xl-last vce-col--md-first vce-col--lg-first vce-col--xl-first\" id=\"el-21a20606\"><div class=\"vce-col-inner\" data-vce-do-apply=\"border margin background  el-21a20606\"><div class=\"vce-col-content\" data-vce-element-content=\"true\" data-vce-do-apply=\"padding el-21a20606\"><div class=\"vce-row-container\" data-vce-boxed-width=\"true\"><div class=\"vce-row vce-row--col-gap-30 vce-row-equal-height vce-row-content--top\" id=\"el-e899561d\" data-vce-do-apply=\"all el-e899561d\"><div class=\"vce-row-content\" data-vce-element-content=\"true\"><div class=\"vce-col vce-col--md-auto vce-col--xs-1 vce-col--xs-last vce-col--xs-first vce-col--sm-last vce-col--sm-first vce-col--md-first vce-col--lg-first vce-col--xl-first\" id=\"el-cc3f728d\"><div class=\"vce-col-inner\" data-vce-do-apply=\"border margin background  el-cc3f728d\"><div class=\"vce-col-content\" data-vce-element-content=\"true\" data-vce-do-apply=\"padding el-cc3f728d\"><div class=\"vce-text-block\"><div class=\"vce-text-block-wrapper vce\" id=\"el-d118d124\" data-vce-do-apply=\"all el-d118d124\"><p class=\"MsoNormal\" style=\"text-align: justify; text-justify: inter-ideograph; text-indent: 35.45pt; line-height: 150%;\"><span style=\"font-family: Arial; mso-bidi-font-family: 'Times New Roman'; mso-bidi-theme-font: minor-bidi;\">Desde que me lembro sou das que acreditam que a hist\u00f3ria de um lugar, das pessoas, de uma pr\u00e1tica, s\u00e3o os fatores que determinam a exist\u00eancia \u2013 concreta \u2013 de um determinado espa\u00e7o. E a familiaridade com essas hist\u00f3rias do lugar, das pessoas desse lugar, e das pr\u00e1ticas vividas ali, ao contr\u00e1rio de engessar essas mesmas pr\u00e1ticas impedindo qualquer evolu\u00e7\u00e3o, \u00e9 a base que tornar\u00e1 mais forte qualquer mudan\u00e7a, mais s\u00f3lidos novos agrupamentos de pessoas formados ali naquele mesmo lugar.<\/span><\/p>\n<p class=\"MsoNormal\" style=\"text-align: justify; text-justify: inter-ideograph; text-indent: 35.45pt; line-height: 150%;\"><span style=\"font-family: Arial; mso-bidi-font-family: 'Times New Roman'; mso-bidi-theme-font: minor-bidi;\">Escrevo isso que me parece \u00f3bvio pela percep\u00e7\u00e3o de que mesmo ali no teatro, entre artistas que se aproximaram e passaram a fazer parte dessa grande multid\u00e3o que se re\u00fane no Oficina e seu entorno, a ideia de conhecer o que veio antes, entender como se chegou at\u00e9 ali, quais pr\u00e1ticas levaram a qu\u00ea, e porque eram e s\u00e3o praticadas, por vezes s\u00e3o desprezadas em nome de um aqui agora onipotente.<\/span><\/p>\n<p class=\"MsoNormal\" style=\"text-align: justify; text-justify: inter-ideograph; text-indent: 35.45pt; line-height: 150%;\"><span style=\"font-family: Arial; mso-bidi-font-family: 'Times New Roman'; mso-bidi-theme-font: minor-bidi;\">O aqui agora \u00e9 o que temos. Onde estamos, o que somos, mas ao mesmo tempo o agora a que me referi logo atr\u00e1s j\u00e1 passou, e esse aqui \u00e9 composto de muitas camadas, que existiram h\u00e1 tempos que j\u00e1 passaram, mas continuam existindo e formando a base do que vamos construir nesse mesmo lugar. Para al\u00e9m do aqui agora, estamos num eterno presente. Onde passado e futuro est\u00e3o sempre presentes, contracenando.<\/span><\/p>\n<p class=\"MsoNormal\" style=\"text-align: justify; text-justify: inter-ideograph; text-indent: 35.45pt; line-height: 150%;\"><span style=\"font-family: Arial; mso-bidi-font-family: 'Times New Roman'; mso-bidi-theme-font: minor-bidi;\">Por isso a import\u00e2ncia de conhecer o que veio antes. A cada espet\u00e1culo o Teatro Oficina se reinventa, muitas vezes o elenco \u00e9 quase todo composto por novos integrantes em rela\u00e7\u00e3o ao espet\u00e1culo anterior, protagonistas de outros grupos, outras linguagens, um coro novo, de amantes do teatro, iniciantes, rec\u00e9m iniciados no teatro, cantores, m\u00fasicos, pessoas. <\/span><\/p>\n<p class=\"MsoNormal\" style=\"text-align: justify; text-justify: inter-ideograph; text-indent: 35.45pt; line-height: 150%;\"><span style=\"font-family: Arial; mso-bidi-font-family: 'Times New Roman'; mso-bidi-theme-font: minor-bidi;\">O repert\u00f3rio de espet\u00e1culos do Oficina mostra o caminho. <em>Bacantes<\/em>, trag\u00e9dia de Eur\u00edpedes e dire\u00e7\u00e3o de Z\u00e9 Celso, por exemplo, que estreou oficialmente no teatro de arena do Sesc de Ribeir\u00e3o Preto em 1995 e j\u00e1 vinha sendo trabalhado h\u00e1 muitos anos pelo grupo, e teve muitas remontagens nos anos a seguir, \u00e9 um espet\u00e1culo de inicia\u00e7\u00e3o para os atuadores da Companhia. N\u00e3o por acaso narra a origem do teatro como o entendemos hoje, atrav\u00e9s do mito do deus grego Dion\u00edsios. <\/span><\/p>\n<p class=\"MsoNormal\" style=\"text-align: justify; text-justify: inter-ideograph; text-indent: 35.45pt; line-height: 150%;\"><span style=\"font-family: Arial; mso-bidi-font-family: 'Times New Roman'; mso-bidi-theme-font: minor-bidi;\">Durante os anos em que atuei no Oficina, conheci atores que nunca tinham atuado no espet\u00e1culo mas conheciam de cor algumas de suas can\u00e7\u00f5es, que passaram a ser cantadas em shows de m\u00fasicos ligados ao teatro, e at\u00e9 nas festas do grupo. <\/span><\/p>\n<p class=\"MsoNormal\" style=\"text-align: justify; text-justify: inter-ideograph; text-indent: 35.45pt; line-height: 150%;\"><span style=\"font-family: Arial; mso-bidi-font-family: 'Times New Roman'; mso-bidi-theme-font: minor-bidi;\">Como as rodas de samba que v\u00e3o formando os bambas que precisam conhecer o repert\u00f3rio de sambas da velha guarda, como as escolas de samba com seus sambas exalta\u00e7\u00e3o da escola e enredos dos carnavais passados, como um iniciado no santo que precisa conhecer os toques e cantigas de cada orix\u00e1, como os Yanomamis e a m\u00fasica de sua \u00e1rvore de cantos (citados na disseta\u00e7\u00e3o), como os mantras para diversas pr\u00e1ticas orientais. Ou como conhecer e saber fazer as opera\u00e7\u00f5es b\u00e1sicas da matem\u00e1tica para um dia quem sabe tentar entender a l\u00f3gica do movimento dos planetas.<\/span><\/p>\n<p class=\"MsoNormal\" style=\"text-align: justify; text-justify: inter-ideograph; text-indent: 35.45pt; line-height: 150%;\"><span style=\"font-family: Arial; mso-bidi-font-family: 'Times New Roman'; mso-bidi-theme-font: minor-bidi;\">Da mesma forma a import\u00e2ncia de conhecer os espet\u00e1culos passados j\u00e1 montados pela Companhia, o repert\u00f3rio cantado em outras pe\u00e7as. Dei o exemplo do espet\u00e1culo <em>Bacantes<\/em> por ser uma pe\u00e7a chave para o tipo de teatro que se pratica no Oficina, e tamb\u00e9m por abordar justamente o nascimento do teatro como o conhecemos, mas temos can\u00e7\u00f5es de v\u00e1rios outros espet\u00e1culos que continuamos cantando em muitos momentos.<\/span><\/p>\n<p class=\"MsoNormal\" style=\"text-align: justify; text-justify: inter-ideograph; text-indent: 35.45pt; line-height: 150%;\"><span style=\"font-family: Arial; font-size: 16px; font-style: normal; font-weight: 400; text-indent: 47.2667px;\">A vantagem da m\u00fasica \u00e9 que ela pode ser aprendida e cantada por todos, e continuar sendo cantada ao longo do tempo, em diversas ocasi\u00f5es. E a cada vez que cantamos uma can\u00e7\u00e3o seu conte\u00fado se faz presente e ela ocupa o espa\u00e7o, com a pot\u00eancia de trazer em sua execu\u00e7\u00e3o e interpreta\u00e7\u00e3o todo o universo do espet\u00e1culo para o qual foi composta, ou do qual fazia parte. Quem participou revive interiormente as cenas, quem assistiu lembra do que viu, quem n\u00e3o participou nem viu capta a energia da m\u00fasica, deixa o conte\u00fado encher o pensamento, ativar a imagina\u00e7\u00e3o, ouve-se ent\u00e3o algu\u00e9m contando alguma hist\u00f3ria da pe\u00e7a, da can\u00e7\u00e3o, do personagem, de uma outra montagem, e esse repert\u00f3rio comum vai se tornando o elo de interse\u00e7\u00e3o entre aquelas pessoas, vai se tornando a base de conte\u00fado comum daquele grupo. Cantar esse repert\u00f3rio em coro e sempre faz com que todas as pe\u00e7as continuem ressoando na pe\u00e7a em cartaz daquele momento, multiplicando seu conte\u00fado, somando sentidos \u00e0 personalidade do grupo, e criando a sensa\u00e7\u00e3o de pertencimento a ele.<\/span><\/p><\/div><\/div><\/div><\/div><\/div><div class=\"vce-col vce-col--md-auto vce-col--xs-1 vce-col--xs-last vce-col--xs-first vce-col--sm-last vce-col--sm-first vce-col--md-last vce-col--lg-last vce-col--xl-last\" id=\"el-183b85e9\"><div class=\"vce-col-inner\" data-vce-do-apply=\"border margin background  el-183b85e9\"><div class=\"vce-col-content\" data-vce-element-content=\"true\" data-vce-do-apply=\"padding el-183b85e9\"><div class=\"vce-text-block\"><div class=\"vce-text-block-wrapper vce\" id=\"el-09201f6b\" data-vce-do-apply=\"all el-09201f6b\"><p class=\"MsoNormal\" style=\"font-family: Hind, sans-serif; font-size: 16px; font-weight: 400; font-style: normal; text-align: justify; text-indent: 35.45pt; line-height: 24px;\"><span style=\"font-family: Arial; font-size: 16px; text-indent: 35.45pt;\">Cada um com um grau diferente de compreens\u00e3o, de acordo com sua hist\u00f3ria pessoal, suas prefer\u00eancias, seu tempo na Companhia, seu interesse, sua abertura, curiosidade, identifica\u00e7\u00e3o, a\u00ed s\u00e3o in\u00fameros fatores que fazem de cada um ali um atuador \u00fanico, mas com uma base comum de identifica\u00e7\u00e3o com o tud\u00e3o que acontece naquele lugar.<\/span><\/p><p class=\"MsoNormal\" style=\"font-family: Hind, sans-serif; font-size: 16px; font-weight: 400; font-style: normal; text-align: justify; text-indent: 35.45pt; line-height: 24px;\"><span style=\"font-family: Arial; font-size: 16px;\">Por tudo isso achei pertinente falar de algumas can\u00e7\u00f5es que s\u00e3o marcos do grupo, que cantamos sempre em nossos aquecimentos e encontros informais. \u00c9 uma mistura de can\u00e7\u00f5es do nosso repert\u00f3rio nacional, can\u00e7\u00f5es compostas para espet\u00e1culos da Companhia, can\u00e7\u00f5es marcantes de datas espec\u00edficas, etc. Que formam uma base musical est\u00e9tica da companhia, que constroem parte do quebra cabe\u00e7a que constitui a hist\u00f3ria do grupo, de espet\u00e1culos marcantes para a Companhia e p\u00fablico, e que s\u00e3o parte de uma inicia\u00e7\u00e3o para novos integrantes.<\/span><\/p><p class=\"MsoNormal\" style=\"font-family: Hind, sans-serif; font-size: 16px; font-weight: 400; font-style: normal; text-align: justify; text-indent: 35.45pt; line-height: 24px;\"><span style=\"font-family: Arial; font-size: 16px;\">Algumas dessas can\u00e7\u00f5es passaram a fazer parte do aquecimento vocal \u2013 dos espet\u00e1culos d\u2019<em style=\"font-size: 16px;\">Os Sert\u00f5es&nbsp;<\/em>e de outros na sequ\u00eancia \u2013, e para al\u00e9m dele, da concentra\u00e7\u00e3o do elenco para entrar em cena. O momento de cada ator estar consigo mesmo e com todo o coro, momento de timbrar as vozes, de criar um cord\u00e3o dourado vibrando numa mesma sintonia.<\/span><\/p><p class=\"MsoNormal\" style=\"font-family: Hind, sans-serif; font-size: 16px; font-weight: 400; font-style: normal; text-align: justify; text-indent: 35.45pt; line-height: 24px;\"><span style=\"font-family: Arial; font-size: 16px;\">Can\u00e7\u00f5es compostas para e cantadas em outros espet\u00e1culos da Companhia, e tamb\u00e9m can\u00e7\u00f5es do vasto repert\u00f3rio da m\u00fasica brasileira com seus m\u00faltiplos ritmos, g\u00eaneros, de diferentes \u00e9pocas, formando um caleidosc\u00f3pio musical ativador da mem\u00f3ria e imagina\u00e7\u00e3o musical dos atores. E que j\u00e1 vai preparando o elenco para cantar a pe\u00e7a do momento, enriquecendo seu vocabul\u00e1rio musical.<\/span><\/p><p class=\"MsoNormal\" style=\"font-family: Hind, sans-serif; font-size: 16px; font-weight: 400; font-style: normal; text-align: justify; text-indent: 35.45pt; line-height: 24px;\"><span style=\"font-family: Arial; font-size: 16px;\">Como um repert\u00f3rio b\u00e1sico para um primeiro contato com o universo musical da Companhia, posso sugerir:<\/span><\/p><p class=\"MsoListParagraphCxSpFirst\" style=\"font-family: Hind, sans-serif; font-size: 16px; font-weight: 400; font-style: normal; text-align: justify; text-indent: -18pt; line-height: 24px;\"><span style=\"font-family: Symbol; font-size: 16px;\">\u00b7<span style=\"font-family: 'Times New Roman'; font-size: 7pt; font-weight: normal; font-style: normal; font-variant-numeric: normal; font-variant-east-asian: normal; font-stretch: normal; line-height: normal;\">&nbsp;&nbsp;&nbsp;&nbsp;&nbsp;&nbsp;&nbsp;<\/span><\/span><em style=\"font-size: 16px;\"><span style=\"font-family: Arial; font-size: 16px;\">Alegria<\/span><\/em><span style=\"font-family: Arial; font-size: 16px;\">&nbsp;(Assis Valente e Durval Maia);<\/span><\/p><p class=\"MsoListParagraphCxSpMiddle\" style=\"font-family: Hind, sans-serif; font-size: 16px; font-weight: 400; font-style: normal; text-align: justify; text-indent: -18pt; line-height: 24px;\"><span style=\"font-family: Symbol; font-size: 16px;\">\u00b7<span style=\"font-family: 'Times New Roman'; font-size: 7pt; font-weight: normal; font-style: normal; font-variant-numeric: normal; font-variant-east-asian: normal; font-stretch: normal; line-height: normal;\">&nbsp;&nbsp;&nbsp;&nbsp;&nbsp;&nbsp;&nbsp;<\/span><\/span><a style=\"font-size: 16px;\" href=\"https:\/\/soundcloud.com\/leticiacoura\/11-para-ver-a-luz-do-sol\" target=\"_blank\" rel=\"noopener\"><em style=\"font-size: 16px;\"><span style=\"font-family: Arial; font-size: 16px;\">[#Para ver a luz do sol]<\/span><\/em><\/a><span style=\"font-family: Arial; font-size: 16px;\">&nbsp;(Edgar Ferreira);<\/span><\/p><p class=\"MsoListParagraphCxSpMiddle\" style=\"font-family: Hind, sans-serif; font-size: 16px; font-weight: 400; font-style: normal; text-align: justify; text-indent: -18pt; line-height: 24px;\"><span style=\"font-family: Symbol; font-size: 16px;\">\u00b7<span style=\"font-family: 'Times New Roman'; font-size: 7pt; font-weight: normal; font-style: normal; font-variant-numeric: normal; font-variant-east-asian: normal; font-stretch: normal; line-height: normal;\">&nbsp;&nbsp;&nbsp;&nbsp;&nbsp;&nbsp;&nbsp;<\/span><\/span><em style=\"font-size: 16px;\"><span style=\"font-family: Arial; font-size: 16px;\">Vou gargalhar<\/span><\/em><span style=\"font-family: Arial; font-size: 16px;\">&nbsp;(Edgar Ferreira) \u2013 sucesso na grava\u00e7\u00e3o de Jackson do Pandeiro;<\/span><\/p><p class=\"MsoListParagraphCxSpMiddle\" style=\"font-family: Hind, sans-serif; font-size: 16px; font-weight: 400; font-style: normal; text-align: justify; text-indent: -18pt; line-height: 24px;\"><span style=\"font-family: Symbol; font-size: 16px;\">\u00b7<span style=\"font-family: 'Times New Roman'; font-size: 7pt; font-weight: normal; font-style: normal; font-variant-numeric: normal; font-variant-east-asian: normal; font-stretch: normal; line-height: normal;\">&nbsp;&nbsp;&nbsp;&nbsp;&nbsp;&nbsp;&nbsp;<\/span><\/span><em style=\"font-size: 16px;\"><span style=\"font-family: Arial; font-size: 16px;\">Tupi or not tupi<\/span><\/em><span style=\"font-family: Arial; font-size: 16px;\">&nbsp;(Surubim Feliciano da Paix\u00e3o) \u2013 lan\u00e7ada em disco LP 1985;<\/span><\/p><p class=\"MsoListParagraphCxSpMiddle\" style=\"font-family: Hind, sans-serif; font-size: 16px; font-weight: 400; font-style: normal; text-align: justify; text-indent: -18pt; line-height: 24px;\"><span style=\"font-family: Symbol; font-size: 16px;\">\u00b7<span style=\"font-family: 'Times New Roman'; font-size: 7pt; font-weight: normal; font-style: normal; font-variant-numeric: normal; font-variant-east-asian: normal; font-stretch: normal; line-height: normal;\">&nbsp;&nbsp;&nbsp;&nbsp;&nbsp;&nbsp;&nbsp;<\/span><\/span><a style=\"font-size: 16px;\" href=\"https:\/\/soundcloud.com\/leticiacoura\/21-vai-no-bixiga-pra-ver\" target=\"_blank\" rel=\"noopener\"><em style=\"font-size: 16px;\"><span style=\"font-family: Arial; font-size: 16px;\">[#Tradi\u00e7\u00e3o: Vai no bixiga pra ver]<\/span><\/em><\/a><span style=\"font-family: Arial; font-size: 16px;\">&nbsp;(Geraldo Filme), composta como samba exalta\u00e7\u00e3o da Escola de Samba Vai Vai, do bairro do Bixiga;<\/span><\/p><p class=\"MsoListParagraphCxSpMiddle\" style=\"font-family: Hind, sans-serif; font-size: 16px; font-weight: 400; font-style: normal; text-align: justify; text-indent: -18pt; line-height: 24px;\"><span style=\"font-family: Symbol; font-size: 16px;\">\u00b7<span style=\"font-family: 'Times New Roman'; font-size: 7pt; font-weight: normal; font-style: normal; font-variant-numeric: normal; font-variant-east-asian: normal; font-stretch: normal; line-height: normal;\">&nbsp;&nbsp;&nbsp;&nbsp;&nbsp;&nbsp;&nbsp;<\/span><\/span><a style=\"font-size: 16px;\" href=\"https:\/\/soundcloud.com\/leticiacoura\/22-amor-e-filho-do-tempo\" target=\"_blank\" rel=\"noopener\"><em style=\"font-size: 16px;\"><span style=\"font-family: Arial; font-size: 16px;\">[#O amor \u00e9 filho do tempo]<\/span><\/em><\/a><span style=\"font-family: Arial; font-size: 16px;\">&nbsp;(Z\u00e9 Celso, Marcelo Drummond, Nelson de S\u00e1 e P\u00e9ricles Cavalcanti), composta para o espet\u00e1culo&nbsp;<em style=\"font-size: 16px;\">Ham-Let<\/em>;<\/span><\/p><p class=\"MsoListParagraphCxSpMiddle\" style=\"font-family: Hind, sans-serif; font-size: 16px; font-weight: 400; font-style: normal; text-align: justify; text-indent: -18pt; line-height: 24px;\"><span style=\"font-family: Symbol; font-size: 16px;\">\u00b7<span style=\"font-family: 'Times New Roman'; font-size: 7pt; font-weight: normal; font-style: normal; font-variant-numeric: normal; font-variant-east-asian: normal; font-stretch: normal; line-height: normal;\">&nbsp;&nbsp;&nbsp;&nbsp;&nbsp;&nbsp;&nbsp;<\/span><\/span><em style=\"font-size: 16px;\"><span style=\"font-family: Arial; font-size: 16px;\">Hino do teatro brasileiro<\/span><\/em><span style=\"font-family: Arial; font-size: 16px;\">&nbsp;(Ti\u00e3o Gra\u00fana e Arroz) \u2013 samba enredo da Escola de Samba Unidos de Vila Isabel do Rio de Janeiro \u2013 Carnaval 1975 \u2013 Enredo de Fl\u00e1vio Rangel;<\/span><\/p><p class=\"MsoListParagraphCxSpMiddle\" style=\"font-family: Hind, sans-serif; font-size: 16px; font-weight: 400; font-style: normal; text-align: justify; text-indent: -18pt; line-height: 24px;\"><span style=\"font-family: Symbol; font-size: 16px;\">\u00b7<span style=\"font-family: 'Times New Roman'; font-size: 7pt; font-weight: normal; font-style: normal; font-variant-numeric: normal; font-variant-east-asian: normal; font-stretch: normal; line-height: normal;\">&nbsp;&nbsp;&nbsp;&nbsp;&nbsp;&nbsp;&nbsp;<\/span><\/span><em style=\"font-size: 16px;\"><span style=\"font-family: Arial; font-size: 16px;\">Abre a porta S\u00e3o Pedro&nbsp;<\/span><\/em><span style=\"font-family: Arial; font-size: 16px;\">(Armando Cavalcanti e Klecius Caldas) \u2013 sucesso de Linda Batista no Carnaval de 1952, cantada por Adriana Capparelli e pelo coro no espet\u00e1culo&nbsp;<em style=\"font-size: 16px;\">O Homem II<\/em>, 3<span style=\"font-size: 12px; height: 0px; line-height: 0; position: relative; bottom: 1ex;\">a<\/span>. Parte d\u2019<em style=\"font-size: 16px;\">Os Sert\u00f5es;<\/em><\/span><\/p><p class=\"MsoListParagraphCxSpMiddle\" style=\"font-family: Hind, sans-serif; font-size: 16px; font-weight: 400; font-style: normal; text-align: justify; text-indent: -18pt; line-height: 24px;\"><span style=\"font-family: Symbol; font-size: 16px;\">\u00b7<span style=\"font-family: 'Times New Roman'; font-size: 7pt; font-weight: normal; font-style: normal; font-variant-numeric: normal; font-variant-east-asian: normal; font-stretch: normal; line-height: normal;\">&nbsp;&nbsp;&nbsp;&nbsp;&nbsp;&nbsp;&nbsp;<\/span><\/span><a style=\"font-size: 16px;\" href=\"https:\/\/soundcloud.com\/leticiacoura\/5-inverno\" target=\"_blank\" rel=\"noopener\"><em style=\"font-size: 16px;\"><span style=\"font-family: Arial; font-size: 16px;\">[#Inverno]<\/span><\/em><\/a><em style=\"font-size: 16px;\"><span style=\"font-family: Arial; font-size: 16px;\">, Primavera, Ver\u00e3o<\/span><\/em><span style=\"font-family: Arial; font-size: 16px;\">&nbsp;e&nbsp;<em style=\"font-size: 16px;\">Outono<\/em>&nbsp;(Jos\u00e9 Miguel Wisnik);<\/span><\/p><p class=\"MsoListParagraphCxSpMiddle\" style=\"font-family: Hind, sans-serif; font-size: 16px; font-weight: 400; font-style: normal; text-align: justify; text-indent: -18pt; line-height: 24px;\"><span style=\"font-family: Symbol; font-size: 16px;\">\u00b7<span style=\"font-family: 'Times New Roman'; font-size: 7pt; font-weight: normal; font-style: normal; font-variant-numeric: normal; font-variant-east-asian: normal; font-stretch: normal; line-height: normal;\">&nbsp;&nbsp;&nbsp;&nbsp;&nbsp;&nbsp;&nbsp;<\/span><\/span><em style=\"font-size: 16px;\"><span style=\"font-family: Arial; font-size: 16px;\">Acordes<\/span><\/em><span style=\"font-family: Arial; font-size: 16px;\">&nbsp;(Bertolt Brecht e Kurt Weill), de 1929, cantada no espet\u00e1culo&nbsp;<em style=\"font-size: 16px;\">Acordes<\/em>;<\/span><\/p><p class=\"MsoListParagraphCxSpMiddle\" style=\"font-family: Hind, sans-serif; font-size: 16px; font-weight: 400; font-style: normal; text-align: justify; text-indent: -18pt; line-height: 24px;\"><span style=\"font-family: Symbol; font-size: 16px;\">\u00b7<span style=\"font-family: 'Times New Roman'; font-size: 7pt; font-weight: normal; font-style: normal; font-variant-numeric: normal; font-variant-east-asian: normal; font-stretch: normal; line-height: normal;\">&nbsp;&nbsp;&nbsp;&nbsp;&nbsp;&nbsp;&nbsp;<\/span><\/span><em style=\"font-size: 16px;\"><span style=\"font-family: Arial; font-size: 16px;\">Oj Dodole<\/span><\/em><span style=\"font-family: Arial; font-size: 16px;\">&nbsp;\u2013 can\u00e7\u00e3o tradicional croata, cantada no in\u00edcio e fim do espet\u00e1culo&nbsp;<em style=\"font-size: 16px;\">O Banquete<\/em>;<\/span><\/p><p class=\"MsoListParagraphCxSpMiddle\" style=\"font-family: Hind, sans-serif; font-size: 16px; font-weight: 400; font-style: normal; text-align: justify; text-indent: -18pt; line-height: 24px;\"><span style=\"font-family: Symbol; font-size: 10pt; line-height: 20px;\">\u00b7<span style=\"font-family: 'Times New Roman'; font-size: 7pt; font-weight: normal; font-style: normal; font-variant-numeric: normal; font-variant-east-asian: normal; font-stretch: normal; line-height: normal;\">&nbsp;&nbsp;&nbsp;&nbsp;&nbsp;&nbsp;&nbsp;&nbsp;<\/span><\/span><em style=\"font-size: 16px;\"><span style=\"font-family: Arial; font-size: 16px;\">Batuque no morro<\/span><\/em><span style=\"font-family: Arial; font-size: 16px;\">&nbsp;(Herivelto Martins, Humberto Porto e Ozo \u2013 1938) \u2013 sucesso do Trio de Ouro, cantada pelo coro no espet\u00e1culo&nbsp;<em style=\"font-size: 16px;\">Cacilda: uma estrela a vagar<\/em>;<\/span><\/p><p class=\"MsoListParagraphCxSpMiddle\" style=\"font-family: Hind, sans-serif; font-size: 16px; font-weight: 400; font-style: normal; text-align: justify; text-indent: -18pt; line-height: 24px;\"><span style=\"font-family: Symbol; font-size: 16px;\">\u00b7<span style=\"font-family: 'Times New Roman'; font-size: 7pt; font-weight: normal; font-style: normal; font-variant-numeric: normal; font-variant-east-asian: normal; font-stretch: normal; line-height: normal;\">&nbsp;&nbsp;&nbsp;&nbsp;&nbsp;&nbsp;&nbsp;<\/span><\/span><em style=\"font-size: 16px;\"><span style=\"font-family: Arial; font-size: 16px;\">Sem fantasia<\/span><\/em><span style=\"font-family: Arial; font-size: 16px;\">&nbsp;(Chico Buarque), composta para o espet\u00e1culo Roda Viva;<\/span><\/p><p class=\"MsoListParagraphCxSpMiddle\" style=\"font-family: Hind, sans-serif; font-size: 16px; font-weight: 400; font-style: normal; text-align: justify; text-indent: -18pt; line-height: 24px;\"><span style=\"font-family: Symbol; font-size: 16px;\">\u00b7<span style=\"font-family: 'Times New Roman'; font-size: 7pt; font-weight: normal; font-style: normal; font-variant-numeric: normal; font-variant-east-asian: normal; font-stretch: normal; line-height: normal;\">&nbsp;&nbsp;&nbsp;&nbsp;&nbsp;&nbsp;&nbsp;<\/span><\/span><em style=\"font-size: 16px;\"><span style=\"font-family: Arial; font-size: 16px;\">Oxum<\/span><\/em><span style=\"font-family: Arial; font-size: 16px;\">&nbsp;(Z\u00e9 Celso), composta para o espet\u00e1culo&nbsp;<em style=\"font-size: 16px;\">Bacantes<\/em>;<\/span><\/p><p class=\"MsoListParagraphCxSpMiddle\" style=\"font-family: Hind, sans-serif; font-size: 16px; font-weight: 400; font-style: normal; text-align: justify; text-indent: -18pt; line-height: 24px;\"><span style=\"font-family: Symbol; font-size: 16px;\">\u00b7<span style=\"font-family: 'Times New Roman'; font-size: 7pt; font-weight: normal; font-style: normal; font-variant-numeric: normal; font-variant-east-asian: normal; font-stretch: normal; line-height: normal;\">&nbsp;&nbsp;&nbsp;&nbsp;&nbsp;&nbsp;&nbsp;<\/span><\/span><em style=\"font-size: 16px;\"><span style=\"font-family: Arial; font-size: 16px;\">Positivismo<\/span><\/em><span style=\"font-family: Arial; font-size: 16px;\">&nbsp;(Noel Rosa e Orestes Barbosa) \u2013 composi\u00e7\u00e3o de 1933, cantada pelo coro no espet\u00e1culo&nbsp;<em style=\"font-size: 16px;\">O Homem II<\/em>;<\/span><\/p><p class=\"MsoListParagraphCxSpLast\" style=\"font-family: Hind, sans-serif; font-size: 16px; font-weight: 400; font-style: normal; text-align: justify; text-indent: -18pt; line-height: 24px;\"><span style=\"font-family: Symbol; font-size: 16px;\">\u00b7<span style=\"font-family: 'Times New Roman'; font-size: 7pt; font-weight: normal; font-style: normal; font-variant-numeric: normal; font-variant-east-asian: normal; font-stretch: normal; line-height: normal;\">&nbsp;&nbsp;&nbsp;&nbsp;&nbsp;&nbsp;&nbsp;<\/span><\/span><em style=\"font-size: 16px;\"><span style=\"font-family: Arial; font-size: 16px;\">Adeus, batucada&nbsp;<\/span><\/em><span style=\"font-family: Arial; font-size: 16px;\">(Synval Silva) \u2013 samba sucesso na voz de Carmen Miranda gravado em 1935, tema de uma cena de alguma das Cacildas que ainda n\u00e3o estreou no teatro, onde a pequena not\u00e1vel era personagem, e que tive a alegria de interpretar; samba que cant\u00e1vamos tamb\u00e9m para levar o p\u00fablico at\u00e9 a sa\u00edda do teatro, aos finais dos shows do projeto Das Bandas do Oficina.<\/span><\/p><\/div><\/div><\/div><\/div><\/div><\/div><\/div><\/div><\/div><\/div><\/div><\/div><\/div><\/div><\/div><\/div><\/div><\/div><\/div><\/div><div class=\"vce-row-container\" data-vce-boxed-width=\"true\"><div class=\"vce-row vce-row--col-gap-30 vce-row-equal-height vce-row-content--top\" id=\"el-f80440f8\" data-vce-do-apply=\"all el-f80440f8\"><div class=\"vce-row-content\" data-vce-element-content=\"true\"><div class=\"vce-col vce-col--md-auto vce-col--xs-1 vce-col--xs-last vce-col--xs-first vce-col--sm-last vce-col--sm-first vce-col--md-last vce-col--lg-last vce-col--xl-last vce-col--md-first vce-col--lg-first vce-col--xl-first\" id=\"el-573110db\"><div class=\"vce-col-inner\" data-vce-do-apply=\"border margin background  el-573110db\"><div class=\"vce-col-content\" data-vce-element-content=\"true\" data-vce-do-apply=\"padding el-573110db\"><div class=\"vce-text-block\"><div class=\"vce-text-block-wrapper vce\" id=\"el-0fd0a2a2\" data-vce-do-apply=\"all el-0fd0a2a2\"><p style=\"text-align: left;\"><span style=\"font-family: Arial; font-size: 16px; font-style: normal; font-weight: 400; text-align: justify; text-indent: 47.2667px;\">Esse \u00e9 um repert\u00f3rio que tem a ver com o meu tempo de trabalho e conviv\u00eancia na Companhia, cada integrante poder\u00e1 compor um repert\u00f3rio que dialogue com sua experi\u00eancia. E da interse\u00e7\u00e3o dos repert\u00f3rios de v\u00e1rios integrantes vamos formando nossa hist\u00f3ria repert\u00f3rio de can\u00e7\u00f5es.<\/span><span style=\"font-size: 16px;\">&nbsp;<\/span><br><a name=\"_Toc68341973\"><\/a><\/p><\/div><\/div><div class=\"vce vce-separator-container vce-separator--align-center vce-separator--style-solid\" id=\"el-0238c219\" data-vce-do-apply=\"margin el-0238c219\"><div class=\"vce-separator vce-separator--color-b-5-106-57 vce-separator--width-100 vce-separator--thickness-3\" data-vce-do-apply=\"border padding background  el-0238c219\"><\/div><\/div><div class=\"vce-text-block\"><div class=\"vce-text-block-wrapper vce\" id=\"el-0672c5ec\" data-vce-do-apply=\"all el-0672c5ec\"><h1 style=\"text-align: center;\"><a name=\"_Toc68341973\"><\/a>SEM COME\u00c7O NEM FIM<\/h1><\/div><\/div><div class=\"vce-row-container\" data-vce-boxed-width=\"true\"><div class=\"vce-row vce-row--col-gap-30 vce-row-equal-height vce-row-content--top\" id=\"el-74ddb76f\" data-vce-do-apply=\"all el-74ddb76f\"><div class=\"vce-row-content\" data-vce-element-content=\"true\"><div class=\"vce-col vce-col--md-auto vce-col--xs-1 vce-col--xs-last vce-col--xs-first vce-col--sm-last vce-col--sm-first vce-col--md-last vce-col--lg-last vce-col--xl-last vce-col--md-first vce-col--lg-first vce-col--xl-first\" id=\"el-5bdf73bf\"><div class=\"vce-col-inner\" data-vce-do-apply=\"border margin background  el-5bdf73bf\"><div class=\"vce-col-content\" data-vce-element-content=\"true\" data-vce-do-apply=\"padding el-5bdf73bf\"><div class=\"vce-text-block\"><div class=\"vce-text-block-wrapper vce\" id=\"el-eee99113\" data-vce-do-apply=\"all el-eee99113\"><p class=\"MsoNormal\" style=\"text-align: justify; text-indent: 35.45pt; line-height: 24px;\"><span style=\"font-family: Arial, sans-serif;\">Depois dessa volta pel\u2019Os Sert\u00f5es do Teatro Oficina atrav\u00e9s da m\u00fasica, uma dica final. Vamos ouvir juntos aqui a m\u00fasica d\u2019A Terra, que encerra o espet\u00e1culo de mesmo nome, o primeiro da s\u00e9rie. Como um movimento circular, um ouroborus [\u00b9], voltamos ao in\u00edCio, ou como um movimento em espiral, pra cima ou pra baixo, ou pra algum lado, passamos pelo mesmo ponto que nunca \u00e9 mais o mesmo ponto \u2013 lembrando o Her\u00e1clito... \u2013, porque n\u00f3s tamb\u00e9m j\u00e1 n\u00e3o somos mais os mesmos.<\/span><\/p><p class=\"MsoNormal\" style=\"text-align: justify; text-indent: 35.45pt; line-height: 24px;\"><span style=\"font-family: Arial, sans-serif;\">O eterno retorno. Com todos os insights que fomos tendo ao longo da leitura do texto, ou s\u00f3 esse de agora, vai ver que nem lemos nada ainda, estamos come\u00e7ando por esta p\u00e1gina. Ou por esta can\u00e7\u00e3o. Composta em coro, reproduzindo quase literalmente as palavras de Euclides, pra falar da terra que pisamos, da terra que vai nos receber logo mais, da terra de onde tudo nasce, e desse nosso planeta t\u00e3o maltratado por n\u00f3s, mas que vai continuar vivo em seus movimentos circulares, vai continuar girando, e transmudando-se de dentro pra fora, intuscep\u00e7\u00e3o . . . ela gira ! ! ! . . . .<\/span><\/p><p class=\"MsoNormal\" style=\"text-align: justify; text-indent: 35.45pt; line-height: 24px;\"><span style=\"font-family: Arial, sans-serif;\">[\u00b9] Palavra de origem grega, mas que designa uma figura m\u00edtica presente em v\u00e1rias culturas: a serpente que come a pr\u00f3pria cauda, simbolizando o eterno retorno.<\/span><span style=\"font-family: Arial, sans-serif;\">&nbsp;<\/span><\/p><\/div><\/div><\/div><\/div><\/div><\/div><\/div><\/div><\/div><\/div><\/div><\/div><\/div><\/div><div class=\"vce-row-container\" data-vce-boxed-width=\"true\"><div class=\"vce-row vce-row--col-gap-30 vce-row-equal-height vce-row-content--top\" id=\"el-d393ca44\" data-vce-do-apply=\"all el-d393ca44\"><div class=\"vce-row-content\" data-vce-element-content=\"true\"><div class=\"vce-col vce-col--md-auto vce-col--xs-1 vce-col--xs-last vce-col--xs-first vce-col--sm-last vce-col--sm-first vce-col--md-last vce-col--lg-last vce-col--xl-last vce-col--md-first vce-col--lg-first vce-col--xl-first\" id=\"el-5dd83527\"><div class=\"vce-col-inner\" data-vce-do-apply=\"border margin background  el-5dd83527\"><div class=\"vce-col-content\" data-vce-element-content=\"true\" data-vce-do-apply=\"padding el-5dd83527\"><div class=\"vce-yt-video-player vce-yt-video-player--align-left vce-yt-video-player--size-1280x720\"><div class=\"vce vce-yt-video-player-wrapper\" id=\"el-52d9c90d\" data-vce-do-apply=\"all el-52d9c90d\" style=\"width: 1280px;\"><div class=\"vce-yt-video-player-inner\"><iframe loading=\"lazy\" class=\"vce-yt-video-player-iframe\" src=\"https:\/\/www.youtube.com\/embed\/2gsYx1Fr7KU?autoplay=0&amp;mute=0&amp;color=red&amp;controls=1&amp;loop=0&amp;rel=0&amp;start=0&amp;cc_load_policy=0&amp;iv_load_policy=3\" width=\"640\" height=\"390\" allowfullscreen=\"\"><\/iframe><\/div><\/div><\/div><\/div><\/div><\/div><\/div><\/div><\/div><div class=\"vce-row-container\" data-vce-boxed-width=\"true\"><div class=\"vce-row vce-row--col-gap-30 vce-row-equal-height vce-row-content--top\" id=\"el-02dadd4f\" data-vce-do-apply=\"all el-02dadd4f\"><div class=\"vce-row-content\" data-vce-element-content=\"true\"><div class=\"vce-col vce-col--md-auto vce-col--xs-1 vce-col--xs-last vce-col--xs-first vce-col--sm-last vce-col--sm-first vce-col--md-first vce-col--lg-first vce-col--xl-first\" id=\"el-9bc94929\"><div class=\"vce-col-inner\" data-vce-do-apply=\"border margin background  el-9bc94929\"><div class=\"vce-col-content\" data-vce-element-content=\"true\" data-vce-do-apply=\"padding el-9bc94929\"><div class=\"vce-button--style-outline-container vce-button--style-outline-container--align-center\"><span class=\"vce-button--style-outline-wrapper vce vce-button--style-outline-wrapper--stretched\" id=\"el-fe3a499c\" data-vce-do-apply=\"margin el-fe3a499c\"><a class=\"vce-button--style-outline vce-button--style-outline--border-rounded vce-button--style-outline--size-small vce-button--style-outline--color-b-255-255-255--b-227-18-18--3d3d3d vce-button--style-outline--border-color-e3e3e3--3d3d3d vce-button--style-outline--background-color-b-5-106-57\" href=\"https:\/\/leticiacoura.com.br\/wp-content\/uploads\/2021\/05\/Dissertac\u0327a\u0303o-Leti\u0301cia-Barbosa-Coura.pdf\" title=\"DISSERTA\u00c7\u00c3O - LET\u00cdCIA BARBOSA COURA\" target=\"_blank\" data-vce-do-apply=\"padding border background  el-fe3a499c\" rel=\"noopener\"><span class=\"vce-button--style-outline-text\">BAIXE O PDF DA DISSERTA\u00c7\u00c3O<\/span><\/a><\/span><\/div><\/div><\/div><\/div><div class=\"vce-col vce-col--md-auto vce-col--xs-1 vce-col--xs-last vce-col--xs-first vce-col--sm-last vce-col--sm-first vce-col--md-last vce-col--lg-last vce-col--xl-last\" id=\"el-bace1f7e\"><div class=\"vce-col-inner\" data-vce-do-apply=\"border margin background  el-bace1f7e\"><div class=\"vce-col-content\" data-vce-element-content=\"true\" data-vce-do-apply=\"padding el-bace1f7e\"><div class=\"vce-button--style-outline-container vce-button--style-outline-container--align-center\"><span class=\"vce-button--style-outline-wrapper vce vce-button--style-outline-wrapper--stretched\" id=\"el-e890c2af\" data-vce-do-apply=\"margin el-e890c2af\"><a class=\"vce-button--style-outline vce-button--style-outline--border-square vce-button--style-outline--size-small vce-button--style-outline--color-b-255-255-255--b-227-18-18--3d3d3d vce-button--style-outline--border-color-e3e3e3--3d3d3d vce-button--style-outline--background-color-b-5-106-57\" href=\"https:\/\/www.revistas.usp.br\/salapreta\/issue\/view\/11989\/2028\" title=\"\" target=\"_blank\" data-vce-do-apply=\"padding border background  el-e890c2af\" rel=\"noopener\"><span class=\"vce-button--style-outline-text\">BAIXE  A REVISTA SALA PRETA - ESPECIAL TEATRO OFICINA<\/span><\/a><\/span><\/div><\/div><\/div><\/div><\/div><\/div><\/div>\n","protected":false},"excerpt":{"rendered":"<p>O coro antrop\u00f3fago no Bixiga: o processo de cria\u00e7\u00e3o dos atuadores com a m\u00fasica n\u2019Os Sert\u00f5es do Teatro Oficina \u2013 fragmentos virtuais&nbsp;Esta p\u00e1gina PESQUISA foi criada para experimentar a possibilidade de atingir poss\u00edveis interessados no assunto que abordo no meu trabalho de mestrado, O coro antrop\u00f3fago: o processo de cria\u00e7\u00e3o dos atuadores com a m\u00fasica&hellip;<a href=\"https:\/\/leticiacoura.com.br\/en\/pesquisa\/\" class=\"button\">Read more <span class=\"screen-reader-text\"><\/span><\/a><\/p>\n","protected":false},"author":2,"featured_media":0,"parent":0,"menu_order":0,"comment_status":"open","ping_status":"closed","template":"","meta":{"footnotes":""},"class_list":["post-1107","page","type-page","status-publish","hentry"],"yoast_head":"<!-- This site is optimized with the Yoast SEO plugin v28.2 - https:\/\/yoast.com\/product\/yoast-seo-wordpress\/ -->\n<title>PESQUISA - Let\u00edcia Coura<\/title>\n<meta name=\"robots\" content=\"index, follow, max-snippet:-1, max-image-preview:large, max-video-preview:-1\" \/>\n<link rel=\"canonical\" href=\"https:\/\/leticiacoura.com.br\/en\/pesquisa\/\" \/>\n<meta property=\"og:locale\" content=\"en_US\" \/>\n<meta property=\"og:type\" content=\"article\" \/>\n<meta property=\"og:title\" content=\"PESQUISA - Let\u00edcia Coura\" \/>\n<meta property=\"og:description\" content=\"O coro antrop\u00f3fago no Bixiga: o processo de cria\u00e7\u00e3o dos atuadores com a m\u00fasica n\u2019Os Sert\u00f5es do Teatro Oficina \u2013 fragmentos virtuais&nbsp;Esta p\u00e1gina PESQUISA foi criada para experimentar a possibilidade de atingir poss\u00edveis interessados no assunto que abordo no meu trabalho de mestrado, O coro antrop\u00f3fago: o processo de cria\u00e7\u00e3o dos atuadores com a m\u00fasica&hellip;Read more\" \/>\n<meta property=\"og:url\" content=\"https:\/\/leticiacoura.com.br\/en\/pesquisa\/\" \/>\n<meta property=\"og:site_name\" content=\"Let\u00edcia Coura\" \/>\n<meta property=\"article:modified_time\" content=\"2024-05-27T16:39:45+00:00\" \/>\n<meta name=\"twitter:card\" content=\"summary_large_image\" \/>\n<meta name=\"twitter:label1\" content=\"Est. reading time\" \/>\n\t<meta name=\"twitter:data1\" content=\"36 minutes\" \/>\n<script type=\"application\/ld+json\" class=\"yoast-schema-graph\">{\"@context\":\"https:\\\/\\\/schema.org\",\"@graph\":[{\"@type\":\"WebPage\",\"@id\":\"https:\\\/\\\/leticiacoura.com.br\\\/en\\\/pesquisa\\\/\",\"url\":\"https:\\\/\\\/leticiacoura.com.br\\\/en\\\/pesquisa\\\/\",\"name\":\"PESQUISA - Let\u00edcia Coura\",\"isPartOf\":{\"@id\":\"https:\\\/\\\/leticiacoura.com.br\\\/en\\\/#website\"},\"datePublished\":\"2021-05-05T13:03:08+00:00\",\"dateModified\":\"2024-05-27T16:39:45+00:00\",\"breadcrumb\":{\"@id\":\"https:\\\/\\\/leticiacoura.com.br\\\/en\\\/pesquisa\\\/#breadcrumb\"},\"inLanguage\":\"en-US\",\"potentialAction\":[{\"@type\":\"ReadAction\",\"target\":[\"https:\\\/\\\/leticiacoura.com.br\\\/en\\\/pesquisa\\\/\"]}]},{\"@type\":\"BreadcrumbList\",\"@id\":\"https:\\\/\\\/leticiacoura.com.br\\\/en\\\/pesquisa\\\/#breadcrumb\",\"itemListElement\":[{\"@type\":\"ListItem\",\"position\":1,\"name\":\"In\u00edcio\",\"item\":\"https:\\\/\\\/leticiacoura.com.br\\\/en\\\/bio\\\/\"},{\"@type\":\"ListItem\",\"position\":2,\"name\":\"PESQUISA\"}]},{\"@type\":\"WebSite\",\"@id\":\"https:\\\/\\\/leticiacoura.com.br\\\/en\\\/#website\",\"url\":\"https:\\\/\\\/leticiacoura.com.br\\\/en\\\/\",\"name\":\"Let\u00edcia Coura\",\"description\":\"S\u00cdTIO\",\"potentialAction\":[{\"@type\":\"SearchAction\",\"target\":{\"@type\":\"EntryPoint\",\"urlTemplate\":\"https:\\\/\\\/leticiacoura.com.br\\\/en\\\/?s={search_term_string}\"},\"query-input\":{\"@type\":\"PropertyValueSpecification\",\"valueRequired\":true,\"valueName\":\"search_term_string\"}}],\"inLanguage\":\"en-US\"}]}<\/script>\n<!-- \/ Yoast SEO plugin. -->","yoast_head_json":{"title":"PESQUISA - Let\u00edcia Coura","robots":{"index":"index","follow":"follow","max-snippet":"max-snippet:-1","max-image-preview":"max-image-preview:large","max-video-preview":"max-video-preview:-1"},"canonical":"https:\/\/leticiacoura.com.br\/en\/pesquisa\/","og_locale":"en_US","og_type":"article","og_title":"PESQUISA - Let\u00edcia Coura","og_description":"O coro antrop\u00f3fago no Bixiga: o processo de cria\u00e7\u00e3o dos atuadores com a m\u00fasica n\u2019Os Sert\u00f5es do Teatro Oficina \u2013 fragmentos virtuais&nbsp;Esta p\u00e1gina PESQUISA foi criada para experimentar a possibilidade de atingir poss\u00edveis interessados no assunto que abordo no meu trabalho de mestrado, O coro antrop\u00f3fago: o processo de cria\u00e7\u00e3o dos atuadores com a m\u00fasica&hellip;Read more","og_url":"https:\/\/leticiacoura.com.br\/en\/pesquisa\/","og_site_name":"Let\u00edcia Coura","article_modified_time":"2024-05-27T16:39:45+00:00","twitter_card":"summary_large_image","twitter_misc":{"Est. reading time":"36 minutes"},"schema":{"@context":"https:\/\/schema.org","@graph":[{"@type":"WebPage","@id":"https:\/\/leticiacoura.com.br\/en\/pesquisa\/","url":"https:\/\/leticiacoura.com.br\/en\/pesquisa\/","name":"PESQUISA - Let\u00edcia Coura","isPartOf":{"@id":"https:\/\/leticiacoura.com.br\/en\/#website"},"datePublished":"2021-05-05T13:03:08+00:00","dateModified":"2024-05-27T16:39:45+00:00","breadcrumb":{"@id":"https:\/\/leticiacoura.com.br\/en\/pesquisa\/#breadcrumb"},"inLanguage":"en-US","potentialAction":[{"@type":"ReadAction","target":["https:\/\/leticiacoura.com.br\/en\/pesquisa\/"]}]},{"@type":"BreadcrumbList","@id":"https:\/\/leticiacoura.com.br\/en\/pesquisa\/#breadcrumb","itemListElement":[{"@type":"ListItem","position":1,"name":"In\u00edcio","item":"https:\/\/leticiacoura.com.br\/en\/bio\/"},{"@type":"ListItem","position":2,"name":"PESQUISA"}]},{"@type":"WebSite","@id":"https:\/\/leticiacoura.com.br\/en\/#website","url":"https:\/\/leticiacoura.com.br\/en\/","name":"Let\u00edcia Coura","description":"S\u00cdTIO","potentialAction":[{"@type":"SearchAction","target":{"@type":"EntryPoint","urlTemplate":"https:\/\/leticiacoura.com.br\/en\/?s={search_term_string}"},"query-input":{"@type":"PropertyValueSpecification","valueRequired":true,"valueName":"search_term_string"}}],"inLanguage":"en-US"}]}},"jetpack_sharing_enabled":true,"jetpack_shortlink":"https:\/\/wp.me\/P7h3hc-hR","jetpack-related-posts":[],"jetpack_likes_enabled":true,"_links":{"self":[{"href":"https:\/\/leticiacoura.com.br\/en\/wp-json\/wp\/v2\/pages\/1107","targetHints":{"allow":["GET"]}}],"collection":[{"href":"https:\/\/leticiacoura.com.br\/en\/wp-json\/wp\/v2\/pages"}],"about":[{"href":"https:\/\/leticiacoura.com.br\/en\/wp-json\/wp\/v2\/types\/page"}],"author":[{"embeddable":true,"href":"https:\/\/leticiacoura.com.br\/en\/wp-json\/wp\/v2\/users\/2"}],"replies":[{"embeddable":true,"href":"https:\/\/leticiacoura.com.br\/en\/wp-json\/wp\/v2\/comments?post=1107"}],"version-history":[{"count":74,"href":"https:\/\/leticiacoura.com.br\/en\/wp-json\/wp\/v2\/pages\/1107\/revisions"}],"predecessor-version":[{"id":1377,"href":"https:\/\/leticiacoura.com.br\/en\/wp-json\/wp\/v2\/pages\/1107\/revisions\/1377"}],"wp:attachment":[{"href":"https:\/\/leticiacoura.com.br\/en\/wp-json\/wp\/v2\/media?parent=1107"}],"curies":[{"name":"wp","href":"https:\/\/api.w.org\/{rel}","templated":true}]}}